


{"id":2906,"date":"2020-11-03T17:01:01","date_gmt":"2020-11-03T16:01:01","guid":{"rendered":"https:\/\/palaciodesamaniego.com\/politique-de-confidentialite-copy\/"},"modified":"2024-03-12T22:35:11","modified_gmt":"2024-03-12T21:35:11","slug":"conditions-generales-de-prestation-hebergement","status":"publish","type":"page","link":"https:\/\/www.palaciodesamaniego.com\/fr\/conditions-generales-de-prestation-hebergement\/","title":{"rendered":"Conditions g\u00e9n\u00e9rales de prestation d&rsquo;h\u00e9bergement"},"content":{"rendered":"\t\t<div data-elementor-type=\"wp-page\" data-elementor-id=\"2906\" class=\"elementor elementor-2906\">\n\t\t\t\t\t\t<section class=\"elementor-section elementor-top-section elementor-element elementor-element-acf9aa6 elementor-section-stretched elementor-section-height-min-height elementor-section-boxed elementor-section-height-default elementor-section-items-middle\" data-id=\"acf9aa6\" data-element_type=\"section\" data-settings=\"{&quot;stretch_section&quot;:&quot;section-stretched&quot;,&quot;background_background&quot;:&quot;classic&quot;}\">\n\t\t\t\t\t\t\t<div class=\"elementor-background-overlay\"><\/div>\n\t\t\t\t\t\t\t<div class=\"elementor-container elementor-column-gap-default\">\n\t\t\t\t\t<div class=\"elementor-column elementor-col-100 elementor-top-column elementor-element elementor-element-6b2a4ec\" data-id=\"6b2a4ec\" data-element_type=\"column\">\n\t\t\t<div class=\"elementor-widget-wrap elementor-element-populated\">\n\t\t\t\t\t\t<div class=\"elementor-element elementor-element-3b7439f elementor-invisible elementor-widget elementor-widget-heading\" data-id=\"3b7439f\" data-element_type=\"widget\" data-settings=\"{&quot;_animation&quot;:&quot;fadeInUp&quot;,&quot;_animation_delay&quot;:200}\" data-widget_type=\"heading.default\">\n\t\t\t\t<div class=\"elementor-widget-container\">\n\t\t\t<h2 class=\"elementor-heading-title elementor-size-default\">Conditions g\u00e9n\u00e9rales de <span style=\"font-style:italic; font-weight: 500;\">prestation d'h\u00e9bergement <\/span><\/h2>\t\t<\/div>\n\t\t\t\t<\/div>\n\t\t\t\t\t<\/div>\n\t\t<\/div>\n\t\t\t\t\t<\/div>\n\t\t<\/section>\n\t\t\t\t<section class=\"elementor-section elementor-top-section elementor-element elementor-element-6f122d0 elementor-section-boxed elementor-section-height-default elementor-section-height-default\" data-id=\"6f122d0\" data-element_type=\"section\">\n\t\t\t\t\t\t<div class=\"elementor-container elementor-column-gap-default\">\n\t\t\t\t\t<div class=\"elementor-column elementor-col-100 elementor-top-column elementor-element elementor-element-2bd80a8\" data-id=\"2bd80a8\" data-element_type=\"column\">\n\t\t\t<div class=\"elementor-widget-wrap elementor-element-populated\">\n\t\t\t\t\t\t<div class=\"elementor-element elementor-element-3e4f6af elementor-invisible elementor-widget elementor-widget-heading\" data-id=\"3e4f6af\" data-element_type=\"widget\" data-settings=\"{&quot;_animation&quot;:&quot;fadeInUp&quot;,&quot;_animation_delay&quot;:200}\" data-widget_type=\"heading.default\">\n\t\t\t\t<div class=\"elementor-widget-container\">\n\t\t\t<h2 class=\"elementor-heading-title elementor-size-default\">Pr\u00e9ambule<\/h2>\t\t<\/div>\n\t\t\t\t<\/div>\n\t\t\t\t<div class=\"elementor-element elementor-element-2134786 elementor-invisible elementor-widget elementor-widget-heading\" data-id=\"2134786\" data-element_type=\"widget\" data-settings=\"{&quot;_animation&quot;:&quot;fadeInUp&quot;,&quot;_animation_delay&quot;:400}\" data-widget_type=\"heading.default\">\n\t\t\t\t<div class=\"elementor-widget-container\">\n\t\t\t<span class=\"elementor-heading-title elementor-size-default\">Sur le site internet  <span style=\"font-weight:500;\"><a href=\"https:\/\/www.palaciodesamaniego.com\/fr\/\">\"www.palaciodesamaniego.com\"<\/a><\/span>, la soci\u00e9t\u00e9 Samaniego Luxury Resort Soci\u00e9t\u00e9 de droit Espagnol, dont le si\u00e8ge social est \u00e9tabli au 01307 Samaniego (Alava), Calle Constitucion number 12, Espa\u00f1a, et avec un num\u00e9ro d'identification fiscale B95984431, vend des prestations d\u2019h\u00e9bergement au sein de l\u2019h\u00f4tel PALACIO DE SAMANIEGO.\n\n<br><br>\nAinsi, les pr\u00e9sentes Conditions g\u00e9n\u00e9rales de prestations d\u2019h\u00e9bergement (ci-apr\u00e8s \u00ab les Conditions G\u00e9n\u00e9rales \u00bb) s\u2019appliquent \u00e0 toute r\u00e9servation de chambres au sein de l\u2019h\u00f4tel PALACIO DE SAMANIEGO, effectu\u00e9es sur le site internet <span style=\"font-weight:500;\"><a href=\"https:\/\/www.palaciodesamaniego.com\/fr\/\">\"www.palaciodesamaniego.com\"<\/a><\/span> (ci-apr\u00e8s le \u00ab Site Internet \u00bb), par des consommateurs ou par des professionnels (ci-apr\u00e8s d\u00e9nomm\u00e9s \u00ab&nbsp;le\/les Client(s)&nbsp;\u00bb lorsqu\u2019il s\u2019agit de clients consommateurs et professionnels indistinctement. \n\n<br><br>\nLes pr\u00e9sentes conditions contractuelles ont \u00e9t\u00e9 r\u00e9dig\u00e9es sur la base du RDL 1\/2007 du 16 novembre et de ses amendements, en relation avec la l\u00e9gislation sur les consommateurs et les utilisateurs, ainsi que de la loi 7\/1998, du 13 avril, sur les conditions g\u00e9n\u00e9rales qui les r\u00e9git.\n<br><br>\n\nLe Client d\u00e9clare avoir pris connaissance des Conditions G\u00e9n\u00e9rales avant la r\u00e9alisation de sa r\u00e9servation. La validation d\u2019une r\u00e9servation vaut donc acceptation sans restriction ni r\u00e9serve des Conditions G\u00e9n\u00e9rales.\nLe Client d\u00e9clare avoir la pleine capacit\u00e9 juridique de contracter lui permettant de s\u2019engager au titre des Conditions G\u00e9n\u00e9rales.<\/span>\t\t<\/div>\n\t\t\t\t<\/div>\n\t\t\t\t\t<\/div>\n\t\t<\/div>\n\t\t\t\t\t<\/div>\n\t\t<\/section>\n\t\t\t\t<section class=\"elementor-section elementor-top-section elementor-element elementor-element-8a7c09c elementor-section-boxed elementor-section-height-default elementor-section-height-default\" data-id=\"8a7c09c\" data-element_type=\"section\">\n\t\t\t\t\t\t<div class=\"elementor-container elementor-column-gap-default\">\n\t\t\t\t\t<div class=\"elementor-column elementor-col-100 elementor-top-column elementor-element elementor-element-7200bdf\" data-id=\"7200bdf\" data-element_type=\"column\">\n\t\t\t<div class=\"elementor-widget-wrap elementor-element-populated\">\n\t\t\t\t\t\t<div class=\"elementor-element elementor-element-5b8db54 elementor-invisible elementor-widget elementor-widget-heading\" data-id=\"5b8db54\" data-element_type=\"widget\" data-settings=\"{&quot;_animation&quot;:&quot;fadeInUp&quot;,&quot;_animation_delay&quot;:200}\" data-widget_type=\"heading.default\">\n\t\t\t\t<div class=\"elementor-widget-container\">\n\t\t\t<h2 class=\"elementor-heading-title elementor-size-default\">Article 1 \u2013 Objet<\/h2>\t\t<\/div>\n\t\t\t\t<\/div>\n\t\t\t\t<div class=\"elementor-element elementor-element-58280ae elementor-invisible elementor-widget elementor-widget-heading\" data-id=\"58280ae\" data-element_type=\"widget\" data-settings=\"{&quot;_animation&quot;:&quot;fadeInUp&quot;,&quot;_animation_delay&quot;:400}\" data-widget_type=\"heading.default\">\n\t\t\t\t<div class=\"elementor-widget-container\">\n\t\t\t<span class=\"elementor-heading-title elementor-size-default\">Les Conditions G\u00e9n\u00e9rales d\u00e9finissent les droits et obligations des parties dans le cadre de la r\u00e9servation en ligne de chambres au sein de l\u2019h\u00f4tel PALACIO DE SAMANIEGO.<\/span>\t\t<\/div>\n\t\t\t\t<\/div>\n\t\t\t\t\t<\/div>\n\t\t<\/div>\n\t\t\t\t\t<\/div>\n\t\t<\/section>\n\t\t\t\t<section class=\"elementor-section elementor-top-section elementor-element elementor-element-9c06c99 elementor-section-boxed elementor-section-height-default elementor-section-height-default\" data-id=\"9c06c99\" data-element_type=\"section\">\n\t\t\t\t\t\t<div class=\"elementor-container elementor-column-gap-default\">\n\t\t\t\t\t<div class=\"elementor-column elementor-col-100 elementor-top-column elementor-element elementor-element-d7fabb3\" data-id=\"d7fabb3\" data-element_type=\"column\">\n\t\t\t<div class=\"elementor-widget-wrap elementor-element-populated\">\n\t\t\t\t\t\t<div class=\"elementor-element elementor-element-996ed7a elementor-invisible elementor-widget elementor-widget-heading\" data-id=\"996ed7a\" data-element_type=\"widget\" data-settings=\"{&quot;_animation&quot;:&quot;fadeInUp&quot;,&quot;_animation_delay&quot;:200}\" data-widget_type=\"heading.default\">\n\t\t\t\t<div class=\"elementor-widget-container\">\n\t\t\t<h2 class=\"elementor-heading-title elementor-size-default\">Article 2 \u2013 Champ d\u2019application<\/h2>\t\t<\/div>\n\t\t\t\t<\/div>\n\t\t\t\t<div class=\"elementor-element elementor-element-c834e50 elementor-invisible elementor-widget elementor-widget-heading\" data-id=\"c834e50\" data-element_type=\"widget\" data-settings=\"{&quot;_animation&quot;:&quot;fadeInUp&quot;,&quot;_animation_delay&quot;:400}\" data-widget_type=\"heading.default\">\n\t\t\t\t<div class=\"elementor-widget-container\">\n\t\t\t<span class=\"elementor-heading-title elementor-size-default\">Les Conditions G\u00e9n\u00e9rales s\u2019appliquent \u00e0 toute r\u00e9servation de chambre de l\u2019h\u00f4tel PALACIO DE SAMANIEGO, effectu\u00e9e sur le Site Internet, par un Client.\n<br><br>\nLe Client devra obligatoirement confirmer son accord sur l\u2019ensemble des Conditions G\u00e9n\u00e9rales en cochant une case pr\u00e9vue \u00e0 cet effet dans le formulaire de r\u00e9servation sur le Site Internet et ce, pr\u00e9alablement \u00e0 la validation de sa r\u00e9servation.\n<br><br>\nLes Conditions G\u00e9n\u00e9rales peuvent \u00eatre conserv\u00e9es par le Client au moyen d\u2019un enregistrement informatique et peuvent par ailleurs \u00eatre reproduites, par le moyen d\u2019une impression.\n<br><br>\nLes Conditions G\u00e9n\u00e9rales s\u2019appliquent tant qu\u2019elles sont disponibles sur le Site Internet. Elles peuvent faire l\u2019objet de modifications. Les conditions applicables sont celles en vigueur \n<\/span>\t\t<\/div>\n\t\t\t\t<\/div>\n\t\t\t\t\t<\/div>\n\t\t<\/div>\n\t\t\t\t\t<\/div>\n\t\t<\/section>\n\t\t\t\t<section class=\"elementor-section elementor-top-section elementor-element elementor-element-e17d166 elementor-section-boxed elementor-section-height-default elementor-section-height-default\" data-id=\"e17d166\" data-element_type=\"section\">\n\t\t\t\t\t\t<div class=\"elementor-container elementor-column-gap-default\">\n\t\t\t\t\t<div class=\"elementor-column elementor-col-100 elementor-top-column elementor-element elementor-element-97c3adc\" data-id=\"97c3adc\" data-element_type=\"column\">\n\t\t\t<div class=\"elementor-widget-wrap elementor-element-populated\">\n\t\t\t\t\t\t<div class=\"elementor-element elementor-element-b5471f8 elementor-invisible elementor-widget elementor-widget-heading\" data-id=\"b5471f8\" data-element_type=\"widget\" data-settings=\"{&quot;_animation&quot;:&quot;fadeInUp&quot;,&quot;_animation_delay&quot;:200}\" data-widget_type=\"heading.default\">\n\t\t\t\t<div class=\"elementor-widget-container\">\n\t\t\t<h2 class=\"elementor-heading-title elementor-size-default\">Article 3 \u2013 Proc\u00e9dure de r\u00e9servation et Conditions<\/h2>\t\t<\/div>\n\t\t\t\t<\/div>\n\t\t\t\t<div class=\"elementor-element elementor-element-5dc94cf elementor-invisible elementor-widget elementor-widget-heading\" data-id=\"5dc94cf\" data-element_type=\"widget\" data-settings=\"{&quot;_animation&quot;:&quot;fadeInUp&quot;,&quot;_animation_delay&quot;:400}\" data-widget_type=\"heading.default\">\n\t\t\t\t<div class=\"elementor-widget-container\">\n\t\t\t<span class=\"elementor-heading-title elementor-size-default\">La proc\u00e9dure de r\u00e9servation comprend les \u00e9tapes suivantes :\n\n<\/br><\/br>\n<span style=\"color:#CD2E44;\">\u2022<\/span> S\u00e9lection du formulaire de r\u00e9servation (qui est disponible en langue fran\u00e7aise, langue anglaise et espagnole) : vous pouvez choisir la langue ainsi que la devise que vous souhaitez ;\n\n<\/br><br><span style=\"color:#CD2E44;\">\u2022<\/span> Entr\u00e9e sur le formulaire de r\u00e9servation des dates du s\u00e9jour et du nombre de personnes ;\n\n<\/br><br><span style=\"color:#CD2E44;\">\u2022<\/span> Consultation et s\u00e9lection de la chambre\/des chambres parmi nos offres. Attention, en cas d\u2019inactivit\u00e9 prolong\u00e9e pendant la proc\u00e9dure de r\u00e9servation, il est possible que l\u2019offre d\u2019h\u00e9bergement choisie ne soit plus garantie.\n\n<\/br><br><span style=\"color:#CD2E44;\">\u2022<\/span> \nEntr\u00e9e des coordonn\u00e9es personnelles et des coordonn\u00e9es bancaires. A cette \u00e9tape, le Client a la possibilit\u00e9 de v\u00e9rifier le d\u00e9tail de l\u2019offre choisie, notamment le prix total et les conditions de r\u00e9servation et d\u2019annulation, avant de finaliser sa r\u00e9servation.\n\n<\/br><br><span style=\"color:#CD2E44;\">\u2022<\/span> Les coordonn\u00e9es bancaires sont enregistr\u00e9es \u00e0 titre de garantie afin de valider la r\u00e9servation et pour le paiement de l\u2019acompte qui se fait au moment de la r\u00e9servation, ainsi que pour le pr\u00e9l\u00e8vement du solde du prix \u00e0 l\u2019issue de la p\u00e9riode d\u2019annulation ;\n\n<\/br><br><span style=\"color:#CD2E44;\">\u2022<\/span> Le Client reconna\u00eet avoir pris connaissance et accepter les Conditions G\u00e9n\u00e9rales en cochant la case pr\u00e9vue \u00e0 cet effet, pr\u00e9alablement \u00e0 la validation de sa r\u00e9servation. Il accepte \u00e9galement la Politique de protection des donn\u00e9es personnelles et d\u2019utilisation des cookies de l\u2019h\u00f4tel PALACIO DE SAMANIEGO en cochant la case pr\u00e9vue \u00e0 cet effet. Le Client a \u00e9galement la possibilit\u00e9 d\u2019accepter de recevoir des informations sur les nouveaut\u00e9s et les op\u00e9rations sp\u00e9ciales de l\u2019h\u00f4tel PALACIO DE SAMANIEGO via une newsletter en cochant la case pr\u00e9vue \u00e0 cet effet ;\n\n<\/br><br><span style=\"color:#CD2E44;\">\u2022<\/span> Validation de la r\u00e9servation en cliquant sur le bouton \u00ab Finaliser une r\u00e9servation \u00bb. La validation de la r\u00e9servation entra\u00eene le paiement d\u2019un acompte correspondant \u00e0 50% du prix total du s\u00e9jour, sauf conditions sp\u00e9ciales qui seront alors pr\u00e9cis\u00e9es dans l\u2019offre ainsi qu\u2019au moment du paiement. La validation de la r\u00e9servation entra\u00eene \u00e9galement le consentement du Client, au pr\u00e9l\u00e8vement du solde du prix \u00e0 l\u2019issue de la p\u00e9riode d\u2019annulation.\n\n<\/br><\/br>\nEn acceptant les clauses des conditions g\u00e9n\u00e9rales, le client d\u00e9clare et accepte :\n\n<\/br><\/br><span style=\"color:#CD2E44;\">\u2022<\/span> Qu\u2019il a l'\u00e2ge l\u00e9gal et la capacit\u00e9 juridique suffisante pour effectuer la r\u00e9servation, et qu\u2019il d\u00e9clare avoir compris toutes les conditions g\u00e9n\u00e9rales figurant sur le site web.\n\n<\/br><br><span style=\"color:#CD2E44;\">\u2022<\/span> Que les donn\u00e9es fournies lors de la r\u00e9servation en ligne sont vraies, compl\u00e8tes et concises.\n\n<\/br><br><span style=\"color:#CD2E44;\">\u2022<\/span> Que seules les pages figurant dans le plan du site constituent le site web.\n\n<\/br><br><span style=\"color:#CD2E44;\">\u2022<\/span> Que l'acc\u00e8s \u00e0 ce site web est sous la responsabilit\u00e9 du client.\n\n<\/br><br><span style=\"color:#CD2E44;\">\u2022<\/span> Qu\u2019une fois la r\u00e9servation effectu\u00e9e, il recevra un document \u00e9lectronique de confirmation auquel il pourra acc\u00e9der \u00e0 tout moment.\n\n<\/br><br><span style=\"color:#CD2E44;\">\u2022<\/span> Qu\u2019il confirme la r\u00e9servation, c'est-\u00e0-dire les dates indiqu\u00e9es, le nombre de chambres, le nombre de personnes et l'h\u00f4tel choisi.\n\n<\/br><br><span style=\"color:#CD2E44;\">\u2022<\/span>\nQue les conditions et le prix de la r\u00e9servation sont ceux qui sont d\u00e9termin\u00e9s express\u00e9ment dans les conditions tarifaires et qui figurent sur la page sur laquelle il effectue la r\u00e9servation.\n\n<\/br><br><span style=\"color:#CD2E44;\">\u2022<\/span>\nEn ce qui concerne la relation avec le portail de r\u00e9servation, ce dernier vous offre la possibilit\u00e9 de r\u00e9server des chambres \u00e0 l'h\u00f4tel choisi via son site web mais il ne propose aucun type de service h\u00f4telier.\n\n<\/br><br><span style=\"color:#CD2E44;\">\u2022<\/span> Les donn\u00e9es de votre carte sont collect\u00e9es dans le but de garantir la r\u00e9servation. Le paiement de la r\u00e9servation sera effectu\u00e9 dans l'h\u00f4tel choisi. Ce n'est qu'en cas d'annulation ou de non-pr\u00e9sentation que la r\u00e9servation sera annul\u00e9e et que les frais correspondants indiqu\u00e9s dans les conditions tarifaires seront factur\u00e9s.\n\n<\/br><br><span style=\"color:#CD2E44;\">\u2022<\/span> Les offres ne seront valables que pendant la p\u00e9riode o\u00f9 elles restent accessibles aux utilisateurs du service.<\/span>\t\t<\/div>\n\t\t\t\t<\/div>\n\t\t\t\t\t<\/div>\n\t\t<\/div>\n\t\t\t\t\t<\/div>\n\t\t<\/section>\n\t\t\t\t<section class=\"elementor-section elementor-top-section elementor-element elementor-element-7c9bd41 elementor-section-boxed elementor-section-height-default elementor-section-height-default\" data-id=\"7c9bd41\" data-element_type=\"section\">\n\t\t\t\t\t\t<div class=\"elementor-container elementor-column-gap-default\">\n\t\t\t\t\t<div class=\"elementor-column elementor-col-100 elementor-top-column elementor-element elementor-element-0ba19c7\" data-id=\"0ba19c7\" data-element_type=\"column\">\n\t\t\t<div class=\"elementor-widget-wrap elementor-element-populated\">\n\t\t\t\t\t\t<div class=\"elementor-element elementor-element-e18cd32 elementor-invisible elementor-widget elementor-widget-heading\" data-id=\"e18cd32\" data-element_type=\"widget\" data-settings=\"{&quot;_animation&quot;:&quot;fadeInUp&quot;,&quot;_animation_delay&quot;:200}\" data-widget_type=\"heading.default\">\n\t\t\t\t<div class=\"elementor-widget-container\">\n\t\t\t<h2 class=\"elementor-heading-title elementor-size-default\">Article 4 \u2013 Accus\u00e9 de r\u00e9ception de la r\u00e9servation<\/h2>\t\t<\/div>\n\t\t\t\t<\/div>\n\t\t\t\t<div class=\"elementor-element elementor-element-339069b elementor-invisible elementor-widget elementor-widget-heading\" data-id=\"339069b\" data-element_type=\"widget\" data-settings=\"{&quot;_animation&quot;:&quot;fadeInUp&quot;,&quot;_animation_delay&quot;:400}\" data-widget_type=\"heading.default\">\n\t\t\t\t<div class=\"elementor-widget-container\">\n\t\t\t<span class=\"elementor-heading-title elementor-size-default\">\u00c0 partir du moment o\u00f9 le Client a valid\u00e9 sa r\u00e9servation, il recevra imm\u00e9diatement une confirmation r\u00e9capitulative de sa r\u00e9servation par voie \u00e9lectronique.<\/span>\t\t<\/div>\n\t\t\t\t<\/div>\n\t\t\t\t\t<\/div>\n\t\t<\/div>\n\t\t\t\t\t<\/div>\n\t\t<\/section>\n\t\t\t\t<section class=\"elementor-section elementor-top-section elementor-element elementor-element-d84caee elementor-section-boxed elementor-section-height-default elementor-section-height-default\" data-id=\"d84caee\" data-element_type=\"section\">\n\t\t\t\t\t\t<div class=\"elementor-container elementor-column-gap-default\">\n\t\t\t\t\t<div class=\"elementor-column elementor-col-100 elementor-top-column elementor-element elementor-element-a6ed49c\" data-id=\"a6ed49c\" data-element_type=\"column\">\n\t\t\t<div class=\"elementor-widget-wrap elementor-element-populated\">\n\t\t\t\t\t\t<div class=\"elementor-element elementor-element-7a2db00 elementor-invisible elementor-widget elementor-widget-heading\" data-id=\"7a2db00\" data-element_type=\"widget\" data-settings=\"{&quot;_animation&quot;:&quot;fadeInUp&quot;,&quot;_animation_delay&quot;:200}\" data-widget_type=\"heading.default\">\n\t\t\t\t<div class=\"elementor-widget-container\">\n\t\t\t<h2 class=\"elementor-heading-title elementor-size-default\">Article 5 \u2013 Conditions de r\u00e9servation et d\u2019annulation de la r\u00e9servation<\/h2>\t\t<\/div>\n\t\t\t\t<\/div>\n\t\t\t\t<div class=\"elementor-element elementor-element-a870aae elementor-invisible elementor-widget elementor-widget-heading\" data-id=\"a870aae\" data-element_type=\"widget\" data-settings=\"{&quot;_animation&quot;:&quot;fadeInUp&quot;,&quot;_animation_delay&quot;:400}\" data-widget_type=\"heading.default\">\n\t\t\t\t<div class=\"elementor-widget-container\">\n\t\t\t<span class=\"elementor-heading-title elementor-size-default\">Vous trouverez ci-dessous les conditions de r\u00e9servation et d\u2019annulation de nos offres \u00ab standard \u00bb en p\u00e9riode basse (p\u00e9riode d\u00e9termin\u00e9e par l\u2019H\u00f4tel en fonction du calendrier Espagnol) et en p\u00e9riode haute (p\u00e9riode d\u00e9termin\u00e9e par l\u2019H\u00f4tel en fonction du calendrier Espagnol).\n\n<\/br><\/br>\nDes conditions de r\u00e9servation et d\u2019annulation diff\u00e9rentes de celles \u00e9nonc\u00e9es au pr\u00e9sent article pourront \u00eatre pr\u00e9vues pour nos offres et tarifs sp\u00e9ciaux, et notamment nos offres sp\u00e9ciales non annulables et non remboursables. Ces conditions seront alors pr\u00e9cis\u00e9es dans le d\u00e9tail de l\u2019offre et lors de la validation de la r\u00e9servation.<\/span>\t\t<\/div>\n\t\t\t\t<\/div>\n\t\t\t\t\t<\/div>\n\t\t<\/div>\n\t\t\t\t\t<\/div>\n\t\t<\/section>\n\t\t\t\t<section class=\"elementor-section elementor-top-section elementor-element elementor-element-0b744bb elementor-section-boxed elementor-section-height-default elementor-section-height-default\" data-id=\"0b744bb\" data-element_type=\"section\">\n\t\t\t\t\t\t<div class=\"elementor-container elementor-column-gap-default\">\n\t\t\t\t\t<div class=\"elementor-column elementor-col-100 elementor-top-column elementor-element elementor-element-0d4034b\" data-id=\"0d4034b\" data-element_type=\"column\">\n\t\t\t<div class=\"elementor-widget-wrap elementor-element-populated\">\n\t\t\t\t\t\t<div class=\"elementor-element elementor-element-8dcb791 elementor-invisible elementor-widget elementor-widget-heading\" data-id=\"8dcb791\" data-element_type=\"widget\" data-settings=\"{&quot;_animation&quot;:&quot;fadeInUp&quot;,&quot;_animation_delay&quot;:200}\" data-widget_type=\"heading.default\">\n\t\t\t\t<div class=\"elementor-widget-container\">\n\t\t\t<h2 class=\"elementor-heading-title elementor-size-default\">Article 5.1 \u2013 Conditions de r\u00e9servation et d\u2019annulation<\/h2>\t\t<\/div>\n\t\t\t\t<\/div>\n\t\t\t\t<div class=\"elementor-element elementor-element-7d5ba1f elementor-invisible elementor-widget elementor-widget-heading\" data-id=\"7d5ba1f\" data-element_type=\"widget\" data-settings=\"{&quot;_animation&quot;:&quot;fadeInUp&quot;,&quot;_animation_delay&quot;:400}\" data-widget_type=\"heading.default\">\n\t\t\t\t<div class=\"elementor-widget-container\">\n\t\t\t<span class=\"elementor-heading-title elementor-size-default\"><span style=\"color:#CD2E44;\">\u2022<\/span> <u>P\u00e9riode basse (p\u00e9riode d\u00e9termin\u00e9e par l\u2019H\u00f4tel en fonction du calendrier Espagnol) :<\/u>\n\n<\/br><\/br>\nSi la r\u00e9servation a lieu plus de quinze jours avant la date de d\u00e9but du s\u00e9jour, le Client paie, au moment de la r\u00e9servation, une somme \u00e0 titre d\u2019acompte correspondant \u00e0 50 % du prix total du s\u00e9jour, taxes et frais de services inclus, hors taxe de s\u00e9jour.\n\n<\/br><\/br>\nLe Client paie le solde du prix quinze jours avant la date de d\u00e9but du s\u00e9jour.\n\n<\/br><\/br>\nSi la r\u00e9servation a lieu moins de quinze jours avant la date de d\u00e9but du s\u00e9jour, l\u2019int\u00e9gralit\u00e9 du prix du s\u00e9jour est pay\u00e9 au moment de la r\u00e9servation.\n\n<\/br><\/br>\nToute annulation de la r\u00e9servation doit \u00eatre signal\u00e9e avant 18h (heure locale de Samaniego) au num\u00e9ro suivant +3495660000 et\/ou par email \u00e0 <span style=\"font-weight:500;\"><a href=\"mailto:reservas@palaciodesamaniego.com\">reservas@palaciodesamaniego.com<\/a><\/span>, au plus tard 15 jours avant la date d\u2019arriv\u00e9e pr\u00e9vue. Si ces conditions sont respect\u00e9es, le Client sera rembours\u00e9 de l\u2019acompte vers\u00e9 pour garantir la r\u00e9servation et \u00e9galement du solde du prix, si celui-ci a d\u00e9j\u00e0 \u00e9t\u00e9 vers\u00e9 par le Client.\n\n<\/br><\/br>\nEn cas d\u2019annulation moins de quinze jours avant la date d\u2019arriv\u00e9e, la totalit\u00e9 du montant de la r\u00e9servation \u2013 comprenant l\u2019acompte et le solde du prix \u2013 sera due et factur\u00e9e, et l\u2019int\u00e9gralit\u00e9 des sommes vers\u00e9es conserv\u00e9es.\n\n<\/br><\/br>\nDe m\u00eame, en l\u2019absence d\u2019annulation et en cas de non pr\u00e9sentation du Client, la totalit\u00e9 du montant de la r\u00e9servation \u2013 comprenant l\u2019acompte et le solde du prix \u2013 sera due et factur\u00e9e, et l\u2019int\u00e9gralit\u00e9 des sommes vers\u00e9es conserv\u00e9es.\n\n<\/br><\/br><span style=\"color:#CD2E44;\">\u2022<\/span> <u>\nP\u00e9riode haute (p\u00e9riode d\u00e9termin\u00e9e par l\u2019H\u00f4tel en fonction du calendrier Espagnol) :<\/u>\n\n<\/br><\/br>\nSi la r\u00e9servation a lieu plus de trente jours avant la date de d\u00e9but du s\u00e9jour, le Client paie, au moment de la r\u00e9servation, une somme \u00e0 titre d\u2019acompte correspondant \u00e0 50 % du prix total du s\u00e9jour, taxes et frais de services inclus, hors taxe de s\u00e9jour.\n\n<\/br><\/br>\nLe Client paie le solde du prix trente jours avant la date de d\u00e9but du s\u00e9jour.\n\n<\/br><\/br>\nSi la r\u00e9servation a lieu moins de trente jours avant la date de d\u00e9but du s\u00e9jour, l\u2019int\u00e9gralit\u00e9 du prix du s\u00e9jour est pay\u00e9 au moment de la r\u00e9servation.\n\n<\/br><\/br>\nToute annulation de la r\u00e9servation doit \u00eatre signal\u00e9e avant 18h (heure locale de Samaniego) au num\u00e9ro suivant +3495660000 et\/ou par email \u00e0 <span style=\"font-weight:500;\"><a href=\"mailto:reservas@palaciodesamaniego.com\">reservas@palaciodesamaniego.com<\/a><\/span>, au plus tard trente jours avant la date d\u2019arriv\u00e9e pr\u00e9vue. Si ces conditions sont respect\u00e9es, le Client sera rembours\u00e9 de l\u2019acompte vers\u00e9 pour garantir la r\u00e9servation et \u00e9galement du solde du prix, si celui-ci a d\u00e9j\u00e0 \u00e9t\u00e9 vers\u00e9 par le Client.\n\n<\/br><\/br>\nEn cas d\u2019annulation moins de trente jours avant la date d\u2019arriv\u00e9e, la totalit\u00e9 du montant de la r\u00e9servation \u2013 comprenant l\u2019acompte et le solde du prix \u2013 sera due et factur\u00e9e, et l\u2019int\u00e9gralit\u00e9 des sommes vers\u00e9es conserv\u00e9es.\n\n<\/br><\/br>\nDe m\u00eame, en l\u2019absence d\u2019annulation et en cas de non pr\u00e9sentation du Client, la totalit\u00e9 du montant de la r\u00e9servation \u2013 comprenant l\u2019acompte et le solde du prix \u2013 sera due et factur\u00e9e, et l\u2019int\u00e9gralit\u00e9 des sommes vers\u00e9es conserv\u00e9es.\n<\/span>\t\t<\/div>\n\t\t\t\t<\/div>\n\t\t\t\t\t<\/div>\n\t\t<\/div>\n\t\t\t\t\t<\/div>\n\t\t<\/section>\n\t\t\t\t<section class=\"elementor-section elementor-top-section elementor-element elementor-element-5eae0ad elementor-section-boxed elementor-section-height-default elementor-section-height-default\" data-id=\"5eae0ad\" data-element_type=\"section\">\n\t\t\t\t\t\t<div class=\"elementor-container elementor-column-gap-default\">\n\t\t\t\t\t<div class=\"elementor-column elementor-col-100 elementor-top-column elementor-element elementor-element-0adc064\" data-id=\"0adc064\" data-element_type=\"column\">\n\t\t\t<div class=\"elementor-widget-wrap elementor-element-populated\">\n\t\t\t\t\t\t<div class=\"elementor-element elementor-element-58bb701 elementor-invisible elementor-widget elementor-widget-heading\" data-id=\"58bb701\" data-element_type=\"widget\" data-settings=\"{&quot;_animation&quot;:&quot;fadeInUp&quot;,&quot;_animation_delay&quot;:200}\" data-widget_type=\"heading.default\">\n\t\t\t\t<div class=\"elementor-widget-container\">\n\t\t\t<h2 class=\"elementor-heading-title elementor-size-default\">Article 5.2 \u2013 Modification de la r\u00e9servation<\/h2>\t\t<\/div>\n\t\t\t\t<\/div>\n\t\t\t\t<div class=\"elementor-element elementor-element-872ddba elementor-invisible elementor-widget elementor-widget-heading\" data-id=\"872ddba\" data-element_type=\"widget\" data-settings=\"{&quot;_animation&quot;:&quot;fadeInUp&quot;,&quot;_animation_delay&quot;:400}\" data-widget_type=\"heading.default\">\n\t\t\t\t<div class=\"elementor-widget-container\">\n\t\t\t<span class=\"elementor-heading-title elementor-size-default\"><span style=\"color:#CD2E44;\">\u2022<\/span> <u>P\u00e9riode basse (p\u00e9riode d\u00e9termin\u00e9e par l\u2019H\u00f4tel en fonction du calendrier Espagnol) :<\/u>\n\n<\/br><\/br>\nToute modification de la r\u00e9servation doit \u00eatre signal\u00e9e avant 18h (heure locale de Samaniego) au num\u00e9ro suivant +3495660000 et\/ou par email \u00e0 <span style=\"font-weight:500;\"><a href=\"mailto:reservas@palaciodesamaniego.com\">reservas@palaciodesamaniego.com<\/a><\/span>, au plus tard quinze jours avant la date d\u2019arriv\u00e9e pr\u00e9vue. L\u2019acceptation de la modification se fera \u00e0 la discr\u00e9tion de la soci\u00e9t\u00e9 Samaniego Luxury Resort, en fonction de la disponibilit\u00e9 des chambres.\n\n<\/br><\/br>\nDans l\u2019hypoth\u00e8se o\u00f9 le s\u00e9jour serait \u00e9court\u00e9 ou d\u00e9cal\u00e9 du fait du Client et ce, moins de quinze jours avant la date d\u2019arriv\u00e9e, la soci\u00e9t\u00e9 Samaniego Luxury Resort pourra facturer le Client consommateur du montant de la totalit\u00e9 du s\u00e9jour \u00e0 titre d\u2019indemnit\u00e9 dans le cas o\u00f9 elle n\u2019aurait pas r\u00e9ussi \u00e0 revendre la chambre \u00e0 un autre client.\n\n<\/br><\/br>\nS\u2019agissant de toute autre demande de modification dans un d\u00e9lai inf\u00e9rieur \u00e0 quinze jours avant la date d\u2019arriv\u00e9e, l\u2019acceptation de la modification se fera \u00e0 la discr\u00e9tion de la soci\u00e9t\u00e9 Samaniego Luxury Resort, en fonction de la disponibilit\u00e9 des chambres.\n\n<\/br><\/br><span style=\"color:#CD2E44;\">\u2022<\/span> <u>P\u00e9riode haute (p\u00e9riode d\u00e9termin\u00e9e par l\u2019H\u00f4tel en fonction du calendrier Espagnol) :<\/u>\n\n<\/br><\/br>\nToute modification de la r\u00e9servation doit \u00eatre signal\u00e9e avant 18h (heure locale de Samaniego) au num\u00e9ro suivant +3495660000 et\/ou par email \u00e0 <span style=\"font-weight:500;\"><a href=\"mailto:reservas@palaciodesamaniego.com\">reservas@palaciodesamaniego.com<\/a><\/span>, au plus tard trente jours avant la date d\u2019arriv\u00e9e pr\u00e9vue. L\u2019acceptation de la modification se fera \u00e0 la discr\u00e9tion de la soci\u00e9t\u00e9 Samaniego Luxury Resort, en fonction de la disponibilit\u00e9 des chambres.\n\n<\/br><\/br>\nDans l\u2019hypoth\u00e8se o\u00f9 le s\u00e9jour serait \u00e9court\u00e9 ou d\u00e9cal\u00e9 du fait du Client et ce, moins de trente jours avant la date d\u2019arriv\u00e9e, la soci\u00e9t\u00e9 Samaniego Luxury Resort pourra facturer le Client consommateur du montant de la totalit\u00e9 du s\u00e9jour \u00e0 titre d\u2019indemnit\u00e9 dans le cas o\u00f9 elle n\u2019aurait pas r\u00e9ussi \u00e0 revendre la chambre \u00e0 un autre client.\n\n<\/br><\/br>\nS\u2019agissant de toute autre demande de modification dans un d\u00e9lai inf\u00e9rieur \u00e0 trente jours avant la date d\u2019arriv\u00e9e, l\u2019acceptation de la modification se fera \u00e0 la discr\u00e9tion de la soci\u00e9t\u00e9 Samaniego Luxury Resort, en fonction de la disponibilit\u00e9 des chambres.\n\n<\/br><\/br><span style=\"color:#CD2E44;\">\u2022<\/span> <u>Offres et tarifs sp\u00e9ciaux :<\/u>\n\n<\/br><\/br>\nPour les offres et tarifs sp\u00e9ciaux, il peut \u00eatre pr\u00e9vu des conditions de modification de la r\u00e9servation diff\u00e9rentes de celles \u00e9nonc\u00e9es au pr\u00e9sent article, ces conditions seront alors pr\u00e9cis\u00e9es dans le d\u00e9tail de l\u2019offre et lors de la validation de la r\u00e9servation.<\/span>\t\t<\/div>\n\t\t\t\t<\/div>\n\t\t\t\t\t<\/div>\n\t\t<\/div>\n\t\t\t\t\t<\/div>\n\t\t<\/section>\n\t\t\t\t<section class=\"elementor-section elementor-top-section elementor-element elementor-element-bd8db8e elementor-section-boxed elementor-section-height-default elementor-section-height-default\" data-id=\"bd8db8e\" data-element_type=\"section\">\n\t\t\t\t\t\t<div class=\"elementor-container elementor-column-gap-default\">\n\t\t\t\t\t<div class=\"elementor-column elementor-col-100 elementor-top-column elementor-element elementor-element-71259d0\" data-id=\"71259d0\" data-element_type=\"column\">\n\t\t\t<div class=\"elementor-widget-wrap elementor-element-populated\">\n\t\t\t\t\t\t<div class=\"elementor-element elementor-element-a49702d elementor-invisible elementor-widget elementor-widget-heading\" data-id=\"a49702d\" data-element_type=\"widget\" data-settings=\"{&quot;_animation&quot;:&quot;fadeInUp&quot;,&quot;_animation_delay&quot;:200}\" data-widget_type=\"heading.default\">\n\t\t\t\t<div class=\"elementor-widget-container\">\n\t\t\t<h2 class=\"elementor-heading-title elementor-size-default\">Article 6 \u2013 Prix<\/h2>\t\t<\/div>\n\t\t\t\t<\/div>\n\t\t\t\t<div class=\"elementor-element elementor-element-ed7c3a7 elementor-invisible elementor-widget elementor-widget-heading\" data-id=\"ed7c3a7\" data-element_type=\"widget\" data-settings=\"{&quot;_animation&quot;:&quot;fadeInUp&quot;,&quot;_animation_delay&quot;:400}\" data-widget_type=\"heading.default\">\n\t\t\t\t<div class=\"elementor-widget-container\">\n\t\t\t<span class=\"elementor-heading-title elementor-size-default\">Le prix indiqu\u00e9 ne comprend que la r\u00e9servation des chambres.\n\n<\/br><\/br>\nLe tarif est le prix par nuit, en fonction du type de chambre et de pension choisi, \u00e0 l'exception des h\u00f4tels dans lesquels l'inclusion d'autres services est sp\u00e9cifiquement indiqu\u00e9e.\nLe tarif ne comprend pas les services non sp\u00e9cifi\u00e9s ni les extras tels que les transferts, les pourboires, les appels t\u00e9l\u00e9phoniques, les services de blanchisserie, les services de minibar, le parking, etc. qui seront r\u00e9serv\u00e9s et factur\u00e9s s\u00e9par\u00e9ment.\n\n<\/br><\/br>\nLes tarifs indiqu\u00e9s sont des prix de d\u00e9tail avec TVA incluse. Le prix des chambres\/nuit\u00e9es, indiqu\u00e9s comprend toutes les taxes, hors taxe de s\u00e9jour, dans la devise choisie.\nLa taxe de s\u00e9jour est \u00e0 payer, en sus, sur place.\n<\/span>\t\t<\/div>\n\t\t\t\t<\/div>\n\t\t\t\t\t<\/div>\n\t\t<\/div>\n\t\t\t\t\t<\/div>\n\t\t<\/section>\n\t\t\t\t<section class=\"elementor-section elementor-top-section elementor-element elementor-element-09202b9 elementor-section-boxed elementor-section-height-default elementor-section-height-default\" data-id=\"09202b9\" data-element_type=\"section\">\n\t\t\t\t\t\t<div class=\"elementor-container elementor-column-gap-default\">\n\t\t\t\t\t<div class=\"elementor-column elementor-col-100 elementor-top-column elementor-element elementor-element-cab1ddd\" data-id=\"cab1ddd\" data-element_type=\"column\">\n\t\t\t<div class=\"elementor-widget-wrap elementor-element-populated\">\n\t\t\t\t\t\t<div class=\"elementor-element elementor-element-b86e54f elementor-invisible elementor-widget elementor-widget-heading\" data-id=\"b86e54f\" data-element_type=\"widget\" data-settings=\"{&quot;_animation&quot;:&quot;fadeInUp&quot;,&quot;_animation_delay&quot;:200}\" data-widget_type=\"heading.default\">\n\t\t\t\t<div class=\"elementor-widget-container\">\n\t\t\t<h2 class=\"elementor-heading-title elementor-size-default\">Article 7 \u2013 Conditions de paiement<\/h2>\t\t<\/div>\n\t\t\t\t<\/div>\n\t\t\t\t<div class=\"elementor-element elementor-element-80dfc9e elementor-invisible elementor-widget elementor-widget-heading\" data-id=\"80dfc9e\" data-element_type=\"widget\" data-settings=\"{&quot;_animation&quot;:&quot;fadeInUp&quot;,&quot;_animation_delay&quot;:400}\" data-widget_type=\"heading.default\">\n\t\t\t\t<div class=\"elementor-widget-container\">\n\t\t\t<span class=\"elementor-heading-title elementor-size-default\">Le Client communique ses coordonn\u00e9es bancaires \u00e0 titre de garantie de la r\u00e9servation et pour le paiement de l\u2019acompte sauf conditions ou tarifs sp\u00e9ciaux, par carte bancaire de cr\u00e9dit ou privative (Visa, Mastercard ou American Express, etc.) en indiquant directement dans la zone pr\u00e9vue \u00e0 cet effet (saisie s\u00e9curis\u00e9e par cryptage SSL) le num\u00e9ro de carte, ainsi que sa date de validit\u00e9 (il est pr\u00e9cis\u00e9 que la carte bancaire utilis\u00e9e doit \u00eatre valable au moment du s\u00e9jour) et le cryptogramme visuel.\n\n<\/br><\/br>\nLe jour de l\u2019arriv\u00e9e \u00e0 l\u2019h\u00f4tel PALACIO DE SAMANIEGO, le Client doit se pr\u00e9senter avec la carte bancaire lui ayant permis de garantir la r\u00e9servation ou de r\u00e9aliser le paiement. Une pi\u00e8ce d\u2019identit\u00e9 pourra \u00e9galement lui \u00eatre demand\u00e9e \u00e0 des fins de pr\u00e9vention des fraudes \u00e0 la carte bancaire.\n\n<\/br><\/br>\nLe paiement de l\u2019acompte s\u2019effectue en ligne au moment de la r\u00e9servation.\n\n<\/br><\/br>\nSi le Client souhaite utiliser un autre moyen de paiement, il doit en faire la demande en laissant un message dans la case \u00ab demandes sp\u00e9cifiques \u00bb pr\u00e9vue \u00e0 cet effet dans le formulaire de r\u00e9servation.\n\n<\/br><\/br>\nLe paiement du solde du prix s\u2019effectue \u00e0 l\u2019issue de la p\u00e9riode d\u2019annulation, par pr\u00e9l\u00e8vement par carte bancaire.\n\n<\/br><\/br>\nPar exception, certaines offres et tarifs sp\u00e9ciaux pr\u00e9voient un pr\u00e9paiement de la totalit\u00e9 du prix au moment de la r\u00e9servation.\n<\/span>\t\t<\/div>\n\t\t\t\t<\/div>\n\t\t\t\t\t<\/div>\n\t\t<\/div>\n\t\t\t\t\t<\/div>\n\t\t<\/section>\n\t\t\t\t<section class=\"elementor-section elementor-top-section elementor-element elementor-element-ac36496 elementor-section-boxed elementor-section-height-default elementor-section-height-default\" data-id=\"ac36496\" data-element_type=\"section\">\n\t\t\t\t\t\t<div class=\"elementor-container elementor-column-gap-default\">\n\t\t\t\t\t<div class=\"elementor-column elementor-col-100 elementor-top-column elementor-element elementor-element-08d1a59\" data-id=\"08d1a59\" data-element_type=\"column\">\n\t\t\t<div class=\"elementor-widget-wrap elementor-element-populated\">\n\t\t\t\t\t\t<div class=\"elementor-element elementor-element-ab8989a elementor-invisible elementor-widget elementor-widget-heading\" data-id=\"ab8989a\" data-element_type=\"widget\" data-settings=\"{&quot;_animation&quot;:&quot;fadeInUp&quot;,&quot;_animation_delay&quot;:200}\" data-widget_type=\"heading.default\">\n\t\t\t\t<div class=\"elementor-widget-container\">\n\t\t\t<h2 class=\"elementor-heading-title elementor-size-default\">Article 8 \u2013 Conditions de s\u00e9jour<\/h2>\t\t<\/div>\n\t\t\t\t<\/div>\n\t\t\t\t<div class=\"elementor-element elementor-element-ee07a57 elementor-invisible elementor-widget elementor-widget-heading\" data-id=\"ee07a57\" data-element_type=\"widget\" data-settings=\"{&quot;_animation&quot;:&quot;fadeInUp&quot;,&quot;_animation_delay&quot;:400}\" data-widget_type=\"heading.default\">\n\t\t\t\t<div class=\"elementor-widget-container\">\n\t\t\t<span class=\"elementor-heading-title elementor-size-default\">Tous les Clients (y compris les enfants), sans exception, doivent \u00eatre munis de leurs documents d\u2019identit\u00e9 et documents familiaux correspondants, qu'il s'agisse de leur passeport ou d'une pi\u00e8ce d'identit\u00e9, conform\u00e9ment \u00e0 la l\u00e9gislation en vigueur. Les Clients seront responsables de ces documents lorsqu'ils voyageront et ils devront \u00e9galement se charger de l'obtention des visas, des passeports, des certificats de vaccination, etc.\n\n<br><br>\nLes mineurs de moins de 18 ans doivent avoir une autorisation \u00e9crite sign\u00e9e par leurs parents ou de leurs tuteurs, car toute autorit\u00e9 peut leur demander cette autorisation. Si un visa n'est pas accord\u00e9 par une autorit\u00e9 pour des raisons imputables au Client, ou si le Client se voit refuser l'entr\u00e9e dans le pays parce qu'il n'a pas les documents requis, ou si lesdits documents sont p\u00e9rim\u00e9s, ou si le Client n'a pas apport\u00e9 lesdits documents, l'h\u00f4tel ne sera pas responsable de ces actes : le Client est responsable de tous les co\u00fbts qui peuvent survenir, les conditions \u00e9tablies pour les Clients ne se pr\u00e9sentant pas \u00e9tant applicables dans ces circonstances.\n\n<br><br>\nLes donn\u00e9es personnelles collect\u00e9es au titre de la fiche de police sont conserv\u00e9es pendant la dur\u00e9e \u00e9tablie par la loi. Cette collecte est r\u00e9alis\u00e9e aux fins de pr\u00e9vention des troubles \u00e0 l\u2019ordre public, d\u2019enqu\u00eates judiciaires et de recherches dans l\u2019int\u00e9r\u00eat des personnes. Dans ce cadre, elles pourront, sur leur demande, \u00eatre transmises aux services de police et unit\u00e9s de gendarmerie.\n\n<br><br>\nLes chambres doivent \u00eatre imp\u00e9rativement lib\u00e9r\u00e9es avant 12h00. En cas de d\u00e9part tardif, il conviendra de contacter la r\u00e9ception.\n\n<br><br>\nNous ferons tout notre possible pour que les chambres soient pr\u00eates dans les meilleurs d\u00e9lais. Elles ne seront toutefois disponibles qu\u2019\u00e0 partir de 16h00.\n\n<br><br>\nPar ailleurs, il conviendra de nous informer si votre arriv\u00e9e devait se situer apr\u00e8s 18h00 en nous contactant par t\u00e9l\u00e9phone au num\u00e9ro suivant +3495660000 ou par e-mail \u00e0 l\u2019adresse suivante : <span style=\"font-weight:500;\"><a href=\"mailto:reservas@palaciodesamaniego.com\">reservas@palaciodesamaniego.com<\/a><\/span>.\n<\/span>\t\t<\/div>\n\t\t\t\t<\/div>\n\t\t\t\t\t<\/div>\n\t\t<\/div>\n\t\t\t\t\t<\/div>\n\t\t<\/section>\n\t\t\t\t<section class=\"elementor-section elementor-top-section elementor-element elementor-element-a09e513 elementor-section-boxed elementor-section-height-default elementor-section-height-default\" data-id=\"a09e513\" data-element_type=\"section\">\n\t\t\t\t\t\t<div class=\"elementor-container elementor-column-gap-default\">\n\t\t\t\t\t<div class=\"elementor-column elementor-col-100 elementor-top-column elementor-element elementor-element-687aad9\" data-id=\"687aad9\" data-element_type=\"column\">\n\t\t\t<div class=\"elementor-widget-wrap elementor-element-populated\">\n\t\t\t\t\t\t<div class=\"elementor-element elementor-element-3efd8be elementor-invisible elementor-widget elementor-widget-heading\" data-id=\"3efd8be\" data-element_type=\"widget\" data-settings=\"{&quot;_animation&quot;:&quot;fadeInUp&quot;,&quot;_animation_delay&quot;:200}\" data-widget_type=\"heading.default\">\n\t\t\t\t<div class=\"elementor-widget-container\">\n\t\t\t<h2 class=\"elementor-heading-title elementor-size-default\">Article 9 \u2013 Garanties<\/h2>\t\t<\/div>\n\t\t\t\t<\/div>\n\t\t\t\t<div class=\"elementor-element elementor-element-554f920 elementor-invisible elementor-widget elementor-widget-heading\" data-id=\"554f920\" data-element_type=\"widget\" data-settings=\"{&quot;_animation&quot;:&quot;fadeInUp&quot;,&quot;_animation_delay&quot;:400}\" data-widget_type=\"heading.default\">\n\t\t\t\t<div class=\"elementor-widget-container\">\n\t\t\t<span class=\"elementor-heading-title elementor-size-default\">En ce qui concerne les garanties des consommateurs et\/ou utilisateurs, et \u00e9tant donn\u00e9 que l\u2019\u00e9tablissement est situ\u00e9 en Alava - Pays Basque, il sera pris en consid\u00e9ration les lois des deux territoires et il est pr\u00e9cis\u00e9 qu'il existe des FORMULAIRES DE R\u00c9CLAMATION DU CLIENT \u00e0 la disposition des Clients.<\/span>\t\t<\/div>\n\t\t\t\t<\/div>\n\t\t\t\t\t<\/div>\n\t\t<\/div>\n\t\t\t\t\t<\/div>\n\t\t<\/section>\n\t\t\t\t<section class=\"elementor-section elementor-top-section elementor-element elementor-element-a672a8b elementor-section-boxed elementor-section-height-default elementor-section-height-default\" data-id=\"a672a8b\" data-element_type=\"section\">\n\t\t\t\t\t\t<div class=\"elementor-container elementor-column-gap-default\">\n\t\t\t\t\t<div class=\"elementor-column elementor-col-100 elementor-top-column elementor-element elementor-element-2302f65\" data-id=\"2302f65\" data-element_type=\"column\">\n\t\t\t<div class=\"elementor-widget-wrap elementor-element-populated\">\n\t\t\t\t\t\t<div class=\"elementor-element elementor-element-a5ff084 elementor-invisible elementor-widget elementor-widget-heading\" data-id=\"a5ff084\" data-element_type=\"widget\" data-settings=\"{&quot;_animation&quot;:&quot;fadeInUp&quot;,&quot;_animation_delay&quot;:200}\" data-widget_type=\"heading.default\">\n\t\t\t\t<div class=\"elementor-widget-container\">\n\t\t\t<h2 class=\"elementor-heading-title elementor-size-default\">Article 10 \u2013 Responsabilit\u00e9<\/h2>\t\t<\/div>\n\t\t\t\t<\/div>\n\t\t\t\t<div class=\"elementor-element elementor-element-1c03993 elementor-invisible elementor-widget elementor-widget-heading\" data-id=\"1c03993\" data-element_type=\"widget\" data-settings=\"{&quot;_animation&quot;:&quot;fadeInUp&quot;,&quot;_animation_delay&quot;:400}\" data-widget_type=\"heading.default\">\n\t\t\t\t<div class=\"elementor-widget-container\">\n\t\t\t<span class=\"elementor-heading-title elementor-size-default\">Bien que la soci\u00e9t\u00e9 Samaniego Luxury Resort fasse ses meilleurs efforts pour que les photographies du Site Internet refl\u00e8tent le plus exactement possible les prestations d\u2019h\u00e9bergement propos\u00e9es, ces photographies n\u2019ont pas de valeur contractuelle. Ainsi, des variations peuvent intervenir en cas, par exemple, de r\u00e9novation ou de changement de mobiliers. Sa responsabilit\u00e9 ne saurait en aucun cas \u00eatre engag\u00e9e en cas de variations mineures.\n\n<\/br><\/br>\nLa soci\u00e9t\u00e9 Samaniego Luxury Resort ne saurait \u00eatre tenue pour responsable du fait de l\u2019inex\u00e9cution ou de la mauvaise ex\u00e9cution de la r\u00e9servation en cas de force majeure, du fait d\u2019un tiers, du fait d\u2019un partenaire de la soci\u00e9t\u00e9 Samaniego Luxury Resort, du fait du Client, et notamment en cas d\u2019indisponibilit\u00e9 du r\u00e9seau Internet, d\u2019impossibilit\u00e9 d\u2019acc\u00e9der au Site Internet, d\u2019intrusion ext\u00e9rieure, ou de virus informatiques.\n\n<\/br><\/br>\nToute r\u00e9servation ou paiement qui seraient irr\u00e9guliers, inop\u00e9rants, incomplets ou frauduleux pour un motif imputable au Client entra\u00eenera l\u2019annulation de la r\u00e9servation aux frais du Client, sans pr\u00e9judice de toute action civile ou p\u00e9nale \u00e0 l\u2019encontre de ce dernier.\n\n<\/br><\/br>\nLa soci\u00e9t\u00e9 Samaniego Luxury Resort d\u00e9cline toute responsabilit\u00e9 en cas de vol, perte, d\u00e9gradation des effets appartenant aux Clients durant leur s\u00e9jour.<\/span>\t\t<\/div>\n\t\t\t\t<\/div>\n\t\t\t\t\t<\/div>\n\t\t<\/div>\n\t\t\t\t\t<\/div>\n\t\t<\/section>\n\t\t\t\t<section class=\"elementor-section elementor-top-section elementor-element elementor-element-1ce278d elementor-section-boxed elementor-section-height-default elementor-section-height-default\" data-id=\"1ce278d\" data-element_type=\"section\">\n\t\t\t\t\t\t<div class=\"elementor-container elementor-column-gap-default\">\n\t\t\t\t\t<div class=\"elementor-column elementor-col-100 elementor-top-column elementor-element elementor-element-9c4553d\" data-id=\"9c4553d\" data-element_type=\"column\">\n\t\t\t<div class=\"elementor-widget-wrap elementor-element-populated\">\n\t\t\t\t\t\t<div class=\"elementor-element elementor-element-c110d68 elementor-invisible elementor-widget elementor-widget-heading\" data-id=\"c110d68\" data-element_type=\"widget\" data-settings=\"{&quot;_animation&quot;:&quot;fadeInUp&quot;,&quot;_animation_delay&quot;:200}\" data-widget_type=\"heading.default\">\n\t\t\t\t<div class=\"elementor-widget-container\">\n\t\t\t<h2 class=\"elementor-heading-title elementor-size-default\">Article 11 \u2013 R\u00e9clamations\/Service Client<\/h2>\t\t<\/div>\n\t\t\t\t<\/div>\n\t\t\t\t<div class=\"elementor-element elementor-element-563f021 elementor-invisible elementor-widget elementor-widget-heading\" data-id=\"563f021\" data-element_type=\"widget\" data-settings=\"{&quot;_animation&quot;:&quot;fadeInUp&quot;,&quot;_animation_delay&quot;:400}\" data-widget_type=\"heading.default\">\n\t\t\t\t<div class=\"elementor-widget-container\">\n\t\t\t<span class=\"elementor-heading-title elementor-size-default\">Pour toute information, r\u00e9clamation relative aux Conditions G\u00e9n\u00e9rales, aux prestations d\u2019h\u00e9bergement, les Clients devront s\u2019adresser au Service Client de la soci\u00e9t\u00e9 Samaniego Luxury Resort au num\u00e9ro de t\u00e9l\u00e9phone suivant +3495660000 et\/ou \u00e0 l\u2019adresse \u00e9lectronique suivante : <span style=\"font-weight:500;\"><a href=\"mailto:reservas@palaciodesamaniego.com\">reservas@palaciodesamaniego.com<\/a><\/span> en rappelant, le cas \u00e9ch\u00e9ant, leur num\u00e9ro de r\u00e9servation.<\/span>\t\t<\/div>\n\t\t\t\t<\/div>\n\t\t\t\t\t<\/div>\n\t\t<\/div>\n\t\t\t\t\t<\/div>\n\t\t<\/section>\n\t\t\t\t<section class=\"elementor-section elementor-top-section elementor-element elementor-element-834e0e0 elementor-section-boxed elementor-section-height-default elementor-section-height-default\" data-id=\"834e0e0\" data-element_type=\"section\">\n\t\t\t\t\t\t<div class=\"elementor-container elementor-column-gap-default\">\n\t\t\t\t\t<div class=\"elementor-column elementor-col-100 elementor-top-column elementor-element elementor-element-333630c\" data-id=\"333630c\" data-element_type=\"column\">\n\t\t\t<div class=\"elementor-widget-wrap elementor-element-populated\">\n\t\t\t\t\t\t<div class=\"elementor-element elementor-element-a0ec462 elementor-invisible elementor-widget elementor-widget-heading\" data-id=\"a0ec462\" data-element_type=\"widget\" data-settings=\"{&quot;_animation&quot;:&quot;fadeInUp&quot;,&quot;_animation_delay&quot;:200}\" data-widget_type=\"heading.default\">\n\t\t\t\t<div class=\"elementor-widget-container\">\n\t\t\t<h2 class=\"elementor-heading-title elementor-size-default\">Article 12 \u2013 D\u00e9logement<\/h2>\t\t<\/div>\n\t\t\t\t<\/div>\n\t\t\t\t<div class=\"elementor-element elementor-element-700fa7c elementor-invisible elementor-widget elementor-widget-heading\" data-id=\"700fa7c\" data-element_type=\"widget\" data-settings=\"{&quot;_animation&quot;:&quot;fadeInUp&quot;,&quot;_animation_delay&quot;:400}\" data-widget_type=\"heading.default\">\n\t\t\t\t<div class=\"elementor-widget-container\">\n\t\t\t<span class=\"elementor-heading-title elementor-size-default\">En cas d'\u00e9v\u00e9nement exceptionnel ou d\u2019impossibilit\u00e9 de mettre la chambre r\u00e9serv\u00e9e \u00e0 la disposition du Client ou en cas de force majeure, l\u2019h\u00f4tel PALACIO DE SAMANIEGO pourra proposer au Client une solution d\u2019h\u00e9bergement dans un h\u00f4tel de cat\u00e9gorie au moins \u00e9quivalente ou s\u2019il est d\u2019une cat\u00e9gorie inf\u00e9rieure, une chambre d\u2019un niveau sup\u00e9rieur \u00e0 celle r\u00e9serv\u00e9e \u00e0 l\u2019origine, pour des prestations de m\u00eame nature. Tous les \u00e9ventuels surco\u00fbts attach\u00e9s \u00e0 ce d\u00e9logement, pour des prestations de m\u00eame nature, seront pris en charge par la soci\u00e9t\u00e9 Samaniego Luxury Resort sans qu\u2019elle ne puisse \u00eatre recherch\u00e9e en paiement d\u2019une quelconque indemnit\u00e9 compl\u00e9mentaire.\n\n<\/br><\/br>\nDans le cas exceptionnel o\u00f9 l\u2019h\u00f4tel ne pourrait trouver de solution d\u2019h\u00e9bergement alternative \u00e9quivalente comme indiqu\u00e9 ci-dessus, hors cas de force majeur, la soci\u00e9t\u00e9 Samaniego Luxury Resort pourra annuler la r\u00e9servation en proc\u00e9dant \u00e0 la restitution au Client du double de l\u2019acompte et du solde du prix si ce dernier a \u00e9t\u00e9 pay\u00e9.\n<\/span>\t\t<\/div>\n\t\t\t\t<\/div>\n\t\t\t\t\t<\/div>\n\t\t<\/div>\n\t\t\t\t\t<\/div>\n\t\t<\/section>\n\t\t\t\t<section class=\"elementor-section elementor-top-section elementor-element elementor-element-78c3d42 elementor-section-boxed elementor-section-height-default elementor-section-height-default\" data-id=\"78c3d42\" data-element_type=\"section\">\n\t\t\t\t\t\t<div class=\"elementor-container elementor-column-gap-default\">\n\t\t\t\t\t<div class=\"elementor-column elementor-col-100 elementor-top-column elementor-element elementor-element-eabf531\" data-id=\"eabf531\" data-element_type=\"column\">\n\t\t\t<div class=\"elementor-widget-wrap elementor-element-populated\">\n\t\t\t\t\t\t<div class=\"elementor-element elementor-element-dcd0589 elementor-invisible elementor-widget elementor-widget-heading\" data-id=\"dcd0589\" data-element_type=\"widget\" data-settings=\"{&quot;_animation&quot;:&quot;fadeInUp&quot;,&quot;_animation_delay&quot;:200}\" data-widget_type=\"heading.default\">\n\t\t\t\t<div class=\"elementor-widget-container\">\n\t\t\t<h2 class=\"elementor-heading-title elementor-size-default\">Article 13 \u2013 Respect de la vie priv\u00e9e \u2013 donn\u00e9es personnelles<\/h2>\t\t<\/div>\n\t\t\t\t<\/div>\n\t\t\t\t<div class=\"elementor-element elementor-element-e37c3fa elementor-invisible elementor-widget elementor-widget-heading\" data-id=\"e37c3fa\" data-element_type=\"widget\" data-settings=\"{&quot;_animation&quot;:&quot;fadeInUp&quot;,&quot;_animation_delay&quot;:400}\" data-widget_type=\"heading.default\">\n\t\t\t\t<div class=\"elementor-widget-container\">\n\t\t\t<span class=\"elementor-heading-title elementor-size-default\">S\u2019agissant du respect par la soci\u00e9t\u00e9 Samaniego Luxury Resort de la r\u00e9glementation en vigueur relative \u00e0 la protection des donn\u00e9es personnelles dans le cadre de la collecte et du traitement des donn\u00e9es personnelles des Clients recueillies dans le formulaire de r\u00e9servation, nous vous renvoyons \u00e0 la \u00ab Politique de protection des donn\u00e9es personnelles et d\u2019utilisation des cookies de l\u2019h\u00f4tel PALACIO DE SAMANIEGO \u00bb.<\/span>\t\t<\/div>\n\t\t\t\t<\/div>\n\t\t\t\t\t<\/div>\n\t\t<\/div>\n\t\t\t\t\t<\/div>\n\t\t<\/section>\n\t\t\t\t<section class=\"elementor-section elementor-top-section elementor-element elementor-element-744a139 elementor-section-boxed elementor-section-height-default elementor-section-height-default\" data-id=\"744a139\" data-element_type=\"section\">\n\t\t\t\t\t\t<div class=\"elementor-container elementor-column-gap-default\">\n\t\t\t\t\t<div class=\"elementor-column elementor-col-100 elementor-top-column elementor-element elementor-element-bc41872\" data-id=\"bc41872\" data-element_type=\"column\">\n\t\t\t<div class=\"elementor-widget-wrap elementor-element-populated\">\n\t\t\t\t\t\t<div class=\"elementor-element elementor-element-ee2b564 elementor-invisible elementor-widget elementor-widget-heading\" data-id=\"ee2b564\" data-element_type=\"widget\" data-settings=\"{&quot;_animation&quot;:&quot;fadeInUp&quot;,&quot;_animation_delay&quot;:200}\" data-widget_type=\"heading.default\">\n\t\t\t\t<div class=\"elementor-widget-container\">\n\t\t\t<h2 class=\"elementor-heading-title elementor-size-default\">Article 14 \u2013 Droits de propri\u00e9t\u00e9 intellectuelle<\/h2>\t\t<\/div>\n\t\t\t\t<\/div>\n\t\t\t\t<div class=\"elementor-element elementor-element-1b1bde9 elementor-invisible elementor-widget elementor-widget-heading\" data-id=\"1b1bde9\" data-element_type=\"widget\" data-settings=\"{&quot;_animation&quot;:&quot;fadeInUp&quot;,&quot;_animation_delay&quot;:400}\" data-widget_type=\"heading.default\">\n\t\t\t\t<div class=\"elementor-widget-container\">\n\t\t\t<span class=\"elementor-heading-title elementor-size-default\">La reproduction de tous \u00e9l\u00e9ments composant les offres de l\u2019h\u00f4tel PALACIO DE SAMANIEGO pr\u00e9sentes sur le Site Internet \u00e0 titre d\u2019information (par exemple par impression d\u2019une page contenant les d\u00e9tails d\u2019une offre) est autoris\u00e9e \u00e0 condition que cela soit en vue d\u2019un usage strictement personnel et priv\u00e9.\n\n<\/br><\/br>\nCependant, toute reproduction et, d\u2019une mani\u00e8re g\u00e9n\u00e9rale toute utilisation de copies d\u2019\u00e9l\u00e9ments composants les offres de l\u2019h\u00f4tel PALACIO DE SAMANIEGO pr\u00e9sentes sur le Site Internet, r\u00e9alis\u00e9es \u00e0 d\u2019autres fins sont strictement interdites, sauf accord \u00e9crit et pr\u00e9alable de la soci\u00e9t\u00e9 Samaniego Luxury Resort.\n\n<\/br><\/br>\nS\u2019agissant des droits de propri\u00e9t\u00e9 intellectuelle d\u00e9tenus par la soci\u00e9t\u00e9 Samaniego Luxury Resort sur les \u00e9l\u00e9ments du Site Internet, nous vous renvoyons aux dispositions de l\u2019article 3 intitul\u00e9 \u00ab Droits de propri\u00e9t\u00e9 intellectuelle \u00bb des Conditions g\u00e9n\u00e9rales d\u2019utilisation du Site Internet.\n\n\n<\/span>\t\t<\/div>\n\t\t\t\t<\/div>\n\t\t\t\t\t<\/div>\n\t\t<\/div>\n\t\t\t\t\t<\/div>\n\t\t<\/section>\n\t\t\t\t<section class=\"elementor-section elementor-top-section elementor-element elementor-element-3e87981 elementor-section-boxed elementor-section-height-default elementor-section-height-default\" data-id=\"3e87981\" data-element_type=\"section\">\n\t\t\t\t\t\t<div class=\"elementor-container elementor-column-gap-default\">\n\t\t\t\t\t<div class=\"elementor-column elementor-col-100 elementor-top-column elementor-element elementor-element-5d11b49\" data-id=\"5d11b49\" data-element_type=\"column\">\n\t\t\t<div class=\"elementor-widget-wrap elementor-element-populated\">\n\t\t\t\t\t\t<div class=\"elementor-element elementor-element-ecf4471 elementor-invisible elementor-widget elementor-widget-heading\" data-id=\"ecf4471\" data-element_type=\"widget\" data-settings=\"{&quot;_animation&quot;:&quot;fadeInUp&quot;,&quot;_animation_delay&quot;:200}\" data-widget_type=\"heading.default\">\n\t\t\t\t<div class=\"elementor-widget-container\">\n\t\t\t<h2 class=\"elementor-heading-title elementor-size-default\">Article 15 \u2013 Force majeure<\/h2>\t\t<\/div>\n\t\t\t\t<\/div>\n\t\t\t\t<div class=\"elementor-element elementor-element-7a43179 elementor-invisible elementor-widget elementor-widget-heading\" data-id=\"7a43179\" data-element_type=\"widget\" data-settings=\"{&quot;_animation&quot;:&quot;fadeInUp&quot;,&quot;_animation_delay&quot;:400}\" data-widget_type=\"heading.default\">\n\t\t\t\t<div class=\"elementor-widget-container\">\n\t\t\t<span class=\"elementor-heading-title elementor-size-default\">L\u2019ex\u00e9cution par la soci\u00e9t\u00e9 Samaniego Luxury Resort de tout ou partie de ses obligations sera suspendue en cas de survenance d\u2019un cas de force majeure qui en g\u00eanerait ou en retarderait l\u2019ex\u00e9cution.\n\n<\/br><\/br>\nLa force majeure s\u2019entend de tout \u00e9v\u00e9nement \u00e9chappant au contr\u00f4le de la soci\u00e9t\u00e9 Samaniego Luxury Resort, qui ne pouvait raisonnablement \u00eatre pr\u00e9vu lors de la r\u00e9servation et dont les effets ne peuvent \u00eatre \u00e9vit\u00e9s par des mesures appropri\u00e9es\n\n<\/br><\/br>\nLa soci\u00e9t\u00e9 Samaniego Luxury Resort informera le Client de la survenance d\u2019un cas de force majeure dans les huit (8) jours de sa survenance. Si la suspension des obligations se poursuit au-del\u00e0 de quinze (15) jours, le Client ou la soci\u00e9t\u00e9 Samaniego Luxury Resort aurait alors la possibilit\u00e9 de r\u00e9silier la r\u00e9servation en cours, et il serait alors proc\u00e9d\u00e9 \u00e0 son remboursement.<\/span>\t\t<\/div>\n\t\t\t\t<\/div>\n\t\t\t\t\t<\/div>\n\t\t<\/div>\n\t\t\t\t\t<\/div>\n\t\t<\/section>\n\t\t\t\t<section class=\"elementor-section elementor-top-section elementor-element elementor-element-36738f3 elementor-section-boxed elementor-section-height-default elementor-section-height-default\" data-id=\"36738f3\" data-element_type=\"section\">\n\t\t\t\t\t\t<div class=\"elementor-container elementor-column-gap-default\">\n\t\t\t\t\t<div class=\"elementor-column elementor-col-100 elementor-top-column elementor-element elementor-element-0507b3c\" data-id=\"0507b3c\" data-element_type=\"column\">\n\t\t\t<div class=\"elementor-widget-wrap elementor-element-populated\">\n\t\t\t\t\t\t<div class=\"elementor-element elementor-element-2ba9803 elementor-invisible elementor-widget elementor-widget-heading\" data-id=\"2ba9803\" data-element_type=\"widget\" data-settings=\"{&quot;_animation&quot;:&quot;fadeInUp&quot;,&quot;_animation_delay&quot;:200}\" data-widget_type=\"heading.default\">\n\t\t\t\t<div class=\"elementor-widget-container\">\n\t\t\t<h2 class=\"elementor-heading-title elementor-size-default\">Article 16 \u2013 Convention de preuve\n<\/h2>\t\t<\/div>\n\t\t\t\t<\/div>\n\t\t\t\t<div class=\"elementor-element elementor-element-346eb83 elementor-invisible elementor-widget elementor-widget-heading\" data-id=\"346eb83\" data-element_type=\"widget\" data-settings=\"{&quot;_animation&quot;:&quot;fadeInUp&quot;,&quot;_animation_delay&quot;:400}\" data-widget_type=\"heading.default\">\n\t\t\t\t<div class=\"elementor-widget-container\">\n\t\t\t<span class=\"elementor-heading-title elementor-size-default\">La saisie des informations bancaires requises, ainsi que l\u2019acceptation des Conditions G\u00e9n\u00e9rales et la validation de la r\u00e9servation, constitue l\u2019acceptation du contrat d\u2019h\u00f4tellerie, entre les parties, ayant la m\u00eame valeur qu\u2019une signature manuscrite.<\/span>\t\t<\/div>\n\t\t\t\t<\/div>\n\t\t\t\t\t<\/div>\n\t\t<\/div>\n\t\t\t\t\t<\/div>\n\t\t<\/section>\n\t\t\t\t<section class=\"elementor-section elementor-top-section elementor-element elementor-element-d0bb9e5 elementor-section-boxed elementor-section-height-default elementor-section-height-default\" data-id=\"d0bb9e5\" data-element_type=\"section\">\n\t\t\t\t\t\t<div class=\"elementor-container elementor-column-gap-default\">\n\t\t\t\t\t<div class=\"elementor-column elementor-col-100 elementor-top-column elementor-element elementor-element-6157caf\" data-id=\"6157caf\" data-element_type=\"column\">\n\t\t\t<div class=\"elementor-widget-wrap elementor-element-populated\">\n\t\t\t\t\t\t<div class=\"elementor-element elementor-element-eb9364b elementor-invisible elementor-widget elementor-widget-heading\" data-id=\"eb9364b\" data-element_type=\"widget\" data-settings=\"{&quot;_animation&quot;:&quot;fadeInUp&quot;,&quot;_animation_delay&quot;:200}\" data-widget_type=\"heading.default\">\n\t\t\t\t<div class=\"elementor-widget-container\">\n\t\t\t<h2 class=\"elementor-heading-title elementor-size-default\">Article 17 \u2013 Droit applicable \u2013 R\u00e8glement des litiges \u2013 M\u00e9diation<\/h2>\t\t<\/div>\n\t\t\t\t<\/div>\n\t\t\t\t<div class=\"elementor-element elementor-element-76d4d3f elementor-invisible elementor-widget elementor-widget-heading\" data-id=\"76d4d3f\" data-element_type=\"widget\" data-settings=\"{&quot;_animation&quot;:&quot;fadeInUp&quot;,&quot;_animation_delay&quot;:400}\" data-widget_type=\"heading.default\">\n\t\t\t\t<div class=\"elementor-widget-container\">\n\t\t\t<span class=\"elementor-heading-title elementor-size-default\">Les Conditions G\u00e9n\u00e9rales de r\u00e9servation sont r\u00e9gies par la loi Espagnole.\nEn cas de litige, la version du formulaire de r\u00e9servation en langue Espagnole fait foi.\nEn cas de contestation relative aux pr\u00e9sentes Conditions G\u00e9n\u00e9rales ou de litige en d\u00e9coulant, le Client est tenu d\u2019adresser ses r\u00e9clamations par \u00e9crit \u00e0 la soci\u00e9t\u00e9 Samaniego Luxury Resort au Service client par courrier recommand\u00e9 avec accus\u00e9 de r\u00e9ception \u00e0 l\u2019adresse 01307 Samaniego (Alava), Calle Constitucion number 12, Espana.\n\n<\/br><\/br>\nEn cas d\u2019absence de r\u00e9ponse \u00e0 la demande de r\u00e9clamation ou en cas d\u2019\u00e9chec de celle-ci, dans un d\u00e9lai de trois (3) mois \u00e0 compter de la date de r\u00e9ception, le Client, a la possibilit\u00e9 de saisir gratuitement le m\u00e9diateur de la consommation dont rel\u00e8ve la Soci\u00e9t\u00e9 Samaniego Luxury Resort, \u00e0 savoir \u00ab Kontsumobide-Instituto Vasco de Consumo \u00bb.\n\n<\/br><\/br>\nLe m\u00e9diateur tentera en toute ind\u00e9pendance et impartialit\u00e9, de rapprocher les parties en vue d\u2019aboutir \u00e0 une solution amiable. Le Client reste libre d\u2019initier, d\u2019accepter ou de refuser le recours \u00e0 la m\u00e9diation. En cas de recours \u00e0 la m\u00e9diation, les parties restent libres d\u2019accepter ou de refuser la solution propos\u00e9e par le m\u00e9diateur.\n\n<\/br><\/br>\nEn cas d\u2019\u00e9chec de la m\u00e9diation ou de tout autre mode de r\u00e9solution extrajudiciaire, le litige sera soumis \u00e0 la juridiction des tribunaux Espagnols comp\u00e9tents d\u00e9sign\u00e9s en application des r\u00e8gles Espagnoles de proc\u00e9dure.<\/span>\t\t<\/div>\n\t\t\t\t<\/div>\n\t\t\t\t\t<\/div>\n\t\t<\/div>\n\t\t\t\t\t<\/div>\n\t\t<\/section>\n\t\t\t\t<\/div>\n\t\t","protected":false},"excerpt":{"rendered":"<p>Conditions g\u00e9n\u00e9rales de prestation d&rsquo;h\u00e9bergement Pr\u00e9ambule Sur le site internet \u00ab\u00a0www.palaciodesamaniego.com\u00a0\u00bb, la soci\u00e9t\u00e9 Samaniego Luxury Resort Soci\u00e9t\u00e9 de droit Espagnol, dont le si\u00e8ge social est \u00e9tabli au 01307 Samaniego (Alava), Calle Constitucion number 12, Espa\u00f1a, et avec un num\u00e9ro d&rsquo;identification [&hellip;]<\/p>\n","protected":false},"author":3,"featured_media":0,"parent":0,"menu_order":0,"comment_status":"closed","ping_status":"open","template":"","meta":{"footnotes":""},"yoast_head":"<!-- This site is optimized with the Yoast SEO plugin v22.4 - https:\/\/yoast.com\/wordpress\/plugins\/seo\/ -->\n<title>Conditions G\u00e9n\u00e9rales | H\u00f4tel 4* Palacio de Samaniego | Rioja Alavesa<\/title>\n<meta name=\"description\" content=\"Consultez les conditions g\u00e9n\u00e9rales de prestation d&#039;h\u00e9bergement sur le site officiel du Palacio de Samaniego, H\u00f4tel 4* situ\u00e9 en Rioja Alavesa.\" \/>\n<meta name=\"robots\" content=\"index, follow, max-snippet:-1, max-image-preview:large, max-video-preview:-1\" \/>\n<link rel=\"canonical\" href=\"https:\/\/www.palaciodesamaniego.com\/fr\/conditions-generales-de-prestation-hebergement\/\" \/>\n<meta property=\"og:locale\" content=\"fr_FR\" \/>\n<meta property=\"og:type\" content=\"article\" \/>\n<meta property=\"og:title\" content=\"Conditions G\u00e9n\u00e9rales | H\u00f4tel 4* Palacio de Samaniego | Rioja Alavesa\" \/>\n<meta property=\"og:description\" content=\"Consultez les conditions g\u00e9n\u00e9rales de prestation d&#039;h\u00e9bergement sur le site officiel du Palacio de Samaniego, H\u00f4tel 4* situ\u00e9 en Rioja Alavesa.\" \/>\n<meta property=\"og:url\" content=\"https:\/\/www.palaciodesamaniego.com\/fr\/conditions-generales-de-prestation-hebergement\/\" \/>\n<meta property=\"og:site_name\" content=\"Accueil - Samaniego Palacio Edmond de Rothschild\" \/>\n<meta property=\"article:modified_time\" content=\"2024-03-12T21:35:11+00:00\" \/>\n<meta name=\"twitter:card\" content=\"summary_large_image\" \/>\n<meta name=\"twitter:label1\" content=\"Dur\u00e9e de lecture estim\u00e9e\" \/>\n\t<meta name=\"twitter:data1\" content=\"19 minutes\" \/>\n<script type=\"application\/ld+json\" class=\"yoast-schema-graph\">{\"@context\":\"https:\/\/schema.org\",\"@graph\":[{\"@type\":\"WebPage\",\"@id\":\"https:\/\/www.palaciodesamaniego.com\/fr\/conditions-generales-de-prestation-hebergement\/\",\"url\":\"https:\/\/www.palaciodesamaniego.com\/fr\/conditions-generales-de-prestation-hebergement\/\",\"name\":\"Conditions G\u00e9n\u00e9rales | H\u00f4tel 4* Palacio de Samaniego | Rioja Alavesa\",\"isPartOf\":{\"@id\":\"https:\/\/www.palaciodesamaniego.com\/fr\/#website\"},\"datePublished\":\"2020-11-03T16:01:01+00:00\",\"dateModified\":\"2024-03-12T21:35:11+00:00\",\"description\":\"Consultez les conditions g\u00e9n\u00e9rales de prestation d'h\u00e9bergement sur le site officiel du Palacio de Samaniego, H\u00f4tel 4* situ\u00e9 en Rioja Alavesa.\",\"breadcrumb\":{\"@id\":\"https:\/\/www.palaciodesamaniego.com\/fr\/conditions-generales-de-prestation-hebergement\/#breadcrumb\"},\"inLanguage\":\"fr-FR\",\"potentialAction\":[{\"@type\":\"ReadAction\",\"target\":[\"https:\/\/www.palaciodesamaniego.com\/fr\/conditions-generales-de-prestation-hebergement\/\"]}]},{\"@type\":\"BreadcrumbList\",\"@id\":\"https:\/\/www.palaciodesamaniego.com\/fr\/conditions-generales-de-prestation-hebergement\/#breadcrumb\",\"itemListElement\":[{\"@type\":\"ListItem\",\"position\":1,\"name\":\"Accueil\",\"item\":\"https:\/\/www.palaciodesamaniego.com\/fr\/\"},{\"@type\":\"ListItem\",\"position\":2,\"name\":\"Conditions g\u00e9n\u00e9rales de prestation d&rsquo;h\u00e9bergement\"}]},{\"@type\":\"WebSite\",\"@id\":\"https:\/\/www.palaciodesamaniego.com\/fr\/#website\",\"url\":\"https:\/\/www.palaciodesamaniego.com\/fr\/\",\"name\":\"Accueil - Samaniego Palacio Edmond de Rothschild\",\"description\":\"\",\"potentialAction\":[{\"@type\":\"SearchAction\",\"target\":{\"@type\":\"EntryPoint\",\"urlTemplate\":\"https:\/\/www.palaciodesamaniego.com\/fr\/?s={search_term_string}\"},\"query-input\":\"required name=search_term_string\"}],\"inLanguage\":\"fr-FR\"}]}<\/script>\n<!-- \/ Yoast SEO plugin. -->","yoast_head_json":{"title":"Conditions G\u00e9n\u00e9rales | H\u00f4tel 4* Palacio de Samaniego | Rioja Alavesa","description":"Consultez les conditions g\u00e9n\u00e9rales de prestation d'h\u00e9bergement sur le site officiel du Palacio de Samaniego, H\u00f4tel 4* situ\u00e9 en Rioja Alavesa.","robots":{"index":"index","follow":"follow","max-snippet":"max-snippet:-1","max-image-preview":"max-image-preview:large","max-video-preview":"max-video-preview:-1"},"canonical":"https:\/\/www.palaciodesamaniego.com\/fr\/conditions-generales-de-prestation-hebergement\/","og_locale":"fr_FR","og_type":"article","og_title":"Conditions G\u00e9n\u00e9rales | H\u00f4tel 4* Palacio de Samaniego | Rioja Alavesa","og_description":"Consultez les conditions g\u00e9n\u00e9rales de prestation d'h\u00e9bergement sur le site officiel du Palacio de Samaniego, H\u00f4tel 4* situ\u00e9 en Rioja Alavesa.","og_url":"https:\/\/www.palaciodesamaniego.com\/fr\/conditions-generales-de-prestation-hebergement\/","og_site_name":"Accueil - Samaniego Palacio Edmond de Rothschild","article_modified_time":"2024-03-12T21:35:11+00:00","twitter_card":"summary_large_image","twitter_misc":{"Dur\u00e9e de lecture estim\u00e9e":"19 minutes"},"schema":{"@context":"https:\/\/schema.org","@graph":[{"@type":"WebPage","@id":"https:\/\/www.palaciodesamaniego.com\/fr\/conditions-generales-de-prestation-hebergement\/","url":"https:\/\/www.palaciodesamaniego.com\/fr\/conditions-generales-de-prestation-hebergement\/","name":"Conditions G\u00e9n\u00e9rales | H\u00f4tel 4* Palacio de Samaniego | Rioja Alavesa","isPartOf":{"@id":"https:\/\/www.palaciodesamaniego.com\/fr\/#website"},"datePublished":"2020-11-03T16:01:01+00:00","dateModified":"2024-03-12T21:35:11+00:00","description":"Consultez les conditions g\u00e9n\u00e9rales de prestation d'h\u00e9bergement sur le site officiel du Palacio de Samaniego, H\u00f4tel 4* situ\u00e9 en Rioja Alavesa.","breadcrumb":{"@id":"https:\/\/www.palaciodesamaniego.com\/fr\/conditions-generales-de-prestation-hebergement\/#breadcrumb"},"inLanguage":"fr-FR","potentialAction":[{"@type":"ReadAction","target":["https:\/\/www.palaciodesamaniego.com\/fr\/conditions-generales-de-prestation-hebergement\/"]}]},{"@type":"BreadcrumbList","@id":"https:\/\/www.palaciodesamaniego.com\/fr\/conditions-generales-de-prestation-hebergement\/#breadcrumb","itemListElement":[{"@type":"ListItem","position":1,"name":"Accueil","item":"https:\/\/www.palaciodesamaniego.com\/fr\/"},{"@type":"ListItem","position":2,"name":"Conditions g\u00e9n\u00e9rales de prestation d&rsquo;h\u00e9bergement"}]},{"@type":"WebSite","@id":"https:\/\/www.palaciodesamaniego.com\/fr\/#website","url":"https:\/\/www.palaciodesamaniego.com\/fr\/","name":"Accueil - Samaniego Palacio Edmond de Rothschild","description":"","potentialAction":[{"@type":"SearchAction","target":{"@type":"EntryPoint","urlTemplate":"https:\/\/www.palaciodesamaniego.com\/fr\/?s={search_term_string}"},"query-input":"required name=search_term_string"}],"inLanguage":"fr-FR"}]}},"_links":{"self":[{"href":"https:\/\/www.palaciodesamaniego.com\/fr\/wp-json\/wp\/v2\/pages\/2906"}],"collection":[{"href":"https:\/\/www.palaciodesamaniego.com\/fr\/wp-json\/wp\/v2\/pages"}],"about":[{"href":"https:\/\/www.palaciodesamaniego.com\/fr\/wp-json\/wp\/v2\/types\/page"}],"author":[{"embeddable":true,"href":"https:\/\/www.palaciodesamaniego.com\/fr\/wp-json\/wp\/v2\/users\/3"}],"replies":[{"embeddable":true,"href":"https:\/\/www.palaciodesamaniego.com\/fr\/wp-json\/wp\/v2\/comments?post=2906"}],"version-history":[{"count":38,"href":"https:\/\/www.palaciodesamaniego.com\/fr\/wp-json\/wp\/v2\/pages\/2906\/revisions"}],"predecessor-version":[{"id":6495,"href":"https:\/\/www.palaciodesamaniego.com\/fr\/wp-json\/wp\/v2\/pages\/2906\/revisions\/6495"}],"wp:attachment":[{"href":"https:\/\/www.palaciodesamaniego.com\/fr\/wp-json\/wp\/v2\/media?parent=2906"}],"curies":[{"name":"wp","href":"https:\/\/api.w.org\/{rel}","templated":true}]}}