


{"id":3140,"date":"2020-11-04T13:01:49","date_gmt":"2020-11-04T12:01:49","guid":{"rendered":"https:\/\/palaciodesamaniego.com\/confidentialite-generales-de-prestation-hebergement-copy\/"},"modified":"2021-05-07T11:40:16","modified_gmt":"2021-05-07T09:40:16","slug":"politique-de-confidentialite","status":"publish","type":"page","link":"https:\/\/www.palaciodesamaniego.com\/fr\/politique-de-confidentialite\/","title":{"rendered":"Politique de confidentialit\u00e9"},"content":{"rendered":"\t\t<div data-elementor-type=\"wp-page\" data-elementor-id=\"3140\" class=\"elementor elementor-3140\">\n\t\t\t\t\t\t<section class=\"elementor-section elementor-top-section elementor-element elementor-element-acf9aa6 elementor-section-stretched elementor-section-height-min-height elementor-section-boxed elementor-section-height-default elementor-section-items-middle\" data-id=\"acf9aa6\" data-element_type=\"section\" data-settings=\"{&quot;stretch_section&quot;:&quot;section-stretched&quot;,&quot;background_background&quot;:&quot;classic&quot;}\">\n\t\t\t\t\t\t\t<div class=\"elementor-background-overlay\"><\/div>\n\t\t\t\t\t\t\t<div class=\"elementor-container elementor-column-gap-default\">\n\t\t\t\t\t<div class=\"elementor-column elementor-col-100 elementor-top-column elementor-element elementor-element-6b2a4ec\" data-id=\"6b2a4ec\" data-element_type=\"column\">\n\t\t\t<div class=\"elementor-widget-wrap elementor-element-populated\">\n\t\t\t\t\t\t<div class=\"elementor-element elementor-element-3b7439f elementor-invisible elementor-widget elementor-widget-heading\" data-id=\"3b7439f\" data-element_type=\"widget\" data-settings=\"{&quot;_animation&quot;:&quot;fadeInUp&quot;,&quot;_animation_delay&quot;:200}\" data-widget_type=\"heading.default\">\n\t\t\t\t<div class=\"elementor-widget-container\">\n\t\t\t<h2 class=\"elementor-heading-title elementor-size-default\">Politique de <span style=\"font-style:italic; font-weight: 500;\">confidentialit\u00e9 <\/span><\/h2>\t\t<\/div>\n\t\t\t\t<\/div>\n\t\t\t\t\t<\/div>\n\t\t<\/div>\n\t\t\t\t\t<\/div>\n\t\t<\/section>\n\t\t\t\t<section class=\"elementor-section elementor-top-section elementor-element elementor-element-8a7c09c elementor-section-boxed elementor-section-height-default elementor-section-height-default\" data-id=\"8a7c09c\" data-element_type=\"section\">\n\t\t\t\t\t\t<div class=\"elementor-container elementor-column-gap-default\">\n\t\t\t\t\t<div class=\"elementor-column elementor-col-100 elementor-top-column elementor-element elementor-element-7200bdf\" data-id=\"7200bdf\" data-element_type=\"column\">\n\t\t\t<div class=\"elementor-widget-wrap elementor-element-populated\">\n\t\t\t\t\t\t<div class=\"elementor-element elementor-element-5b8db54 elementor-invisible elementor-widget elementor-widget-heading\" data-id=\"5b8db54\" data-element_type=\"widget\" data-settings=\"{&quot;_animation&quot;:&quot;fadeInUp&quot;,&quot;_animation_delay&quot;:200}\" data-widget_type=\"heading.default\">\n\t\t\t\t<div class=\"elementor-widget-container\">\n\t\t\t<h2 class=\"elementor-heading-title elementor-size-default\">1. Donn\u00e9es personnelles<\/h2>\t\t<\/div>\n\t\t\t\t<\/div>\n\t\t\t\t<div class=\"elementor-element elementor-element-58280ae elementor-invisible elementor-widget elementor-widget-heading\" data-id=\"58280ae\" data-element_type=\"widget\" data-settings=\"{&quot;_animation&quot;:&quot;fadeInUp&quot;,&quot;_animation_delay&quot;:400}\" data-widget_type=\"heading.default\">\n\t\t\t\t<div class=\"elementor-widget-container\">\n\t\t\t<span class=\"elementor-heading-title elementor-size-default\">Vos donn\u00e9es personnelles sont collect\u00e9es et trait\u00e9es par la soci\u00e9t\u00e9 Samaniego Luxury Resort, Soci\u00e9t\u00e9 de droit Espagnol, dont le si\u00e8ge social est situ\u00e9 01307 Samaniego (Alava), Calle Constitucion number 12, Espana, et dont le num\u00e9ro d\u2019identification fiscale est le B-95.984.431 en qualit\u00e9 de responsable de traitement.\n<br><br><span style=\"color:#CD2E44;\">\u2022<\/span> Section \u201cSupport client \/ Contact\" : Les donn\u00e9es que vous fournissez seront trait\u00e9es afin de r\u00e9pondre \u00e0 vos consultations ou demandes et de fournir les services que vous demandez.\n<\/br><br><span style=\"color:#CD2E44;\">\u2022<\/span> \n\"Abonnement \u00e0 la newsletter\" : Vous \u00eates inform\u00e9 que les donn\u00e9es que vous fournissez seront trait\u00e9es afin de g\u00e9rer l'envoi d'informations commerciales sur notre h\u00f4tel par courrier, e-mail, SMS ou fax.\n\n<br><br><span style=\"color:#CD2E44;\">\u2022<\/span> \"R\u00e9servations\" : Les donn\u00e9es personnelles demand\u00e9es et fournies dans cette section seront trait\u00e9es dans le but de g\u00e9rer les r\u00e9servations que vous demandez. En tout \u00e9tat de cause, les donn\u00e9es fournies peuvent \u00eatre trait\u00e9es dans le but d'\u00e9laborer des statistiques internes afin d'am\u00e9liorer nos services. Les donn\u00e9es personnelles fournies ne seront conserv\u00e9es que pendant la dur\u00e9e de notre relation commerciale et seront bloqu\u00e9es une fois celle-ci termin\u00e9e, dans les d\u00e9lais fix\u00e9s par les dispositions l\u00e9gales, \u00e0 la seule disposition des tribunaux pour traiter d'\u00e9ventuelles r\u00e9clamations, apr\u00e8s quoi ces donn\u00e9es seront annul\u00e9es. La base juridique du traitement de vos donn\u00e9es est l'ex\u00e9cution des obligations contractuelles que vous avez assum\u00e9es lorsque vous avez demand\u00e9 \u00e0 b\u00e9n\u00e9ficier de nos services. Nous vous informons que les donn\u00e9es personnelles fournies peuvent \u00eatre trait\u00e9es afin de vous envoyer des informations ainsi que d\u2019autre types de communications (offres, \u00e9v\u00e9nements, f\u00e9licitations), raison pour laquelle vous devez cocher la case pr\u00e9vue \u00e0 cet effet. Les donn\u00e9es fournies seront conserv\u00e9es \u00e0 cette fin tant que vous ne demanderez pas que l'envoi de publicit\u00e9 cesse.\n\n<br><br>\nConform\u00e9ment \u00e0 la r\u00e9glementation applicable et en particulier le r\u00e8glement 2016\/679\/UE du 27 avril 2016 dit \u00ab RGPD \u00bb, la collecte et le traitement de vos donn\u00e9es personnelles dans le cadre des finalit\u00e9s susmentionn\u00e9es ont pour base l\u00e9gale : \n\n<br><br><span style=\"color:#CD2E44;\">\u2022<\/span>\ns\u2019agissant de la gestion de votre r\u00e9servation et de la comptabilit\u00e9 qui y est attach\u00e9e : l\u2019ex\u00e9cution du contrat auquel vous \u00eatre partie (article 6.1.b du RGPD) et le respect des obligations l\u00e9gales incombant au responsable de traitement (article 6.1.c du RGPD) ;\n\n<br><br><span style=\"color:#CD2E44;\">\u2022<\/span> s\u2019agissant de la communication par la soci\u00e9t\u00e9 Samaniego Luxury Resort de sa newsletter et de la gestion de ses relations avec ses clients : votre consentement (article 6.1.a du RGPD) et\/ou l\u2019int\u00e9r\u00eat l\u00e9gitime de la soci\u00e9t\u00e9 (article 6.1.f du RGPD).\n\n<\/br><\/br>\nVous gardez la possibilit\u00e9 \u00e0 tout moment de vous opposer au traitement de vos donn\u00e9es, notamment en retirant votre consentement le cas \u00e9ch\u00e9ant. Pour ce faire, il convient de nous adresser votre demande \u00e0 l\u2019adresse indiqu\u00e9e ci-dessous.\n\n<br><br>\nCes donn\u00e9es sont conserv\u00e9es pour une dur\u00e9e n\u00e9cessaire \u00e0 l\u2019accomplissement des finalit\u00e9s mentionn\u00e9es ci-dessus et eu \u00e9gard \u00e0 la prescription en vigueur et aux obligations l\u00e9gales de conservation de certain(e)s contrats\/donn\u00e9e(s).En cas de r\u00e9clamation ou de litige, les dur\u00e9es de conservation pourront \u00eatre \u00e9tendues afin de conserver les donn\u00e9es pendant toute la dur\u00e9e du litige.\n\n<br><\/br>\nVos donn\u00e9es sont transmises par la soci\u00e9t\u00e9 Samaniego Luxury Resort, S.L.U aux prestataires intervenant, d\u2019une part, dans le cadre de la r\u00e9alisation des finalit\u00e9s susmentionn\u00e9es, et d\u2019autre part, \u00e0 des fins d\u2019analyses statistiques, sans qu\u2019il leur soit possible de vous identifier de fa\u00e7on nominative (voir \u00e9galement la rubrique \u00ab 2. Cookies \u00bb).\nVos donn\u00e9es peuvent, pour les besoins des finalit\u00e9s susmentionn\u00e9es uniquement, \u00eatre transmises \u00e0 des prestataires tiers situ\u00e9s dans des pays hors de l\u2019Union Europ\u00e9enne. Au pr\u00e9alable, la soci\u00e9t\u00e9 Samaniego Luxury Resort, S.L.U prendra toutes les mesures et garanties n\u00e9cessaires pour s\u00e9curiser ce transfert.\n\n<br><\/br>\nConform\u00e9ment \u00e0 la l\u00e9gislation en vigueur, vous disposez d\u2019un droit d\u2019acc\u00e8s, de rectification et d\u2019effacement des donn\u00e9es vous concernant, d\u2019un droit \u00e0 la portabilit\u00e9 de ces donn\u00e9es ainsi qu\u2019un droit de limitation du traitement. Vous disposez \u00e9galement du droit de d\u00e9finir des directives relatives au sort de ces donn\u00e9es apr\u00e8s votre mort.\n\n<br><br>\nVous pouvez exercer l\u2019ensemble de ces droits en nous adressant un mail \u00e0 l\u2019adresse suivante : <span style=\"font-weight:500\"><a href=\"mailto:reservas@palaciodesamaniego.com\">reservas@palaciodesamaniego.com<\/a><\/span> ; ou un courrier postal \u00e0 l\u2019adresse suivante : PALACIO DE SAMANIEGO, Samaniego Luxury Resort, S.L.U.,01307 Samaniego (Alava), Calle Constitucion number 12, Espana. Votre demande devra \u00eatre accompagn\u00e9e d\u2019un justificatif d\u2019identit\u00e9.\n\n<br><br>\nVous disposez \u00e9galement du droit d\u2019introduire une r\u00e9clamation aupr\u00e8s de la Agencia Espa\u00f1ola de Protecci\u00f3n de Datos (AEPD ), notamment sur son site internet <span style=\"font-weight:500\"><A href=\"https:\/\/www.aepd.es\/es\">https:\/\/www.aepd.es\/es<\/A><\/span>.\n\n<br><br>\nPour toute information sur la protection des donn\u00e9es personnelles, vous pouvez consulter le site de l\u2019AEPD : <span style=\"font-weight:500\"><A href=\"https:\/\/www.aepd.es\/es\">https:\/\/www.aepd.es\/es<\/A><\/span>.<\/span>\t\t<\/div>\n\t\t\t\t<\/div>\n\t\t\t\t\t<\/div>\n\t\t<\/div>\n\t\t\t\t\t<\/div>\n\t\t<\/section>\n\t\t\t\t<section class=\"elementor-section elementor-top-section elementor-element elementor-element-9c06c99 elementor-section-boxed elementor-section-height-default elementor-section-height-default\" data-id=\"9c06c99\" data-element_type=\"section\">\n\t\t\t\t\t\t<div class=\"elementor-container elementor-column-gap-default\">\n\t\t\t\t\t<div class=\"elementor-column elementor-col-100 elementor-top-column elementor-element elementor-element-d7fabb3\" data-id=\"d7fabb3\" data-element_type=\"column\">\n\t\t\t<div class=\"elementor-widget-wrap elementor-element-populated\">\n\t\t\t\t\t\t<div class=\"elementor-element elementor-element-996ed7a elementor-invisible elementor-widget elementor-widget-heading\" data-id=\"996ed7a\" data-element_type=\"widget\" data-settings=\"{&quot;_animation&quot;:&quot;fadeInUp&quot;,&quot;_animation_delay&quot;:200}\" data-widget_type=\"heading.default\">\n\t\t\t\t<div class=\"elementor-widget-container\">\n\t\t\t<h2 class=\"elementor-heading-title elementor-size-default\">2. Cookies<\/h2>\t\t<\/div>\n\t\t\t\t<\/div>\n\t\t\t\t<div class=\"elementor-element elementor-element-c834e50 elementor-invisible elementor-widget elementor-widget-heading\" data-id=\"c834e50\" data-element_type=\"widget\" data-settings=\"{&quot;_animation&quot;:&quot;fadeInUp&quot;,&quot;_animation_delay&quot;:400}\" data-widget_type=\"heading.default\">\n\t\t\t\t<div class=\"elementor-widget-container\">\n\t\t\t<span class=\"elementor-heading-title elementor-size-default\">Lors de la consultation de notre site de r\u00e9servation <span style=\"font-weight:500;\"><a href=\"https:\/\/www.palaciodesamaniego.com\/fr\/\">www.palaciodesamaniego.com<\/a><\/span>, et si vous les avez autoris\u00e9s, des cookies sont d\u00e9pos\u00e9s sur votre ordinateur, votre mobile ou votre tablette.\n\n<br><br>\nUn \u00ab cookie \u00bb est une suite d\u2019informations, g\u00e9n\u00e9ralement de petite taille et identifi\u00e9 par un nom, qui peut \u00eatre transmis \u00e0 votre navigateur par un site web sur lequel vous vous connectez. Votre navigateur web le conservera pendant une certaine dur\u00e9e, et le renverra au serveur web chaque fois que vous vous y re-connecterez. Les cookies permettent d\u2019identifier le terminal dans lequel ils sont d\u00e9pos\u00e9s pendant leur dur\u00e9e de validit\u00e9 et de garder en m\u00e9moire certaines informations relatives \u00e0 votre parcours (ceci, afin de simplifier votre navigation sur les sites Internet ou vous proposer des contenus adapt\u00e9s \u00e0 vos centres d\u2019int\u00e9r\u00eats).\n\n<\/br><\/br>\nDiff\u00e9rents types de cookies sont utilis\u00e9s sur notre site internet, \u00e0 savoir :\n<\/br><\/br><span style=\"color:#CD2E44;\">\u2022<\/span> Des cookies de mesure d\u2019audience : ces cookies permettent de mesurer le nombre de visites, le nombre de pages vues, l\u2019activit\u00e9 des visiteurs etc. en vue d\u2019\u00e9tablir des statistiques et am\u00e9liorer le fonctionnement de notre site Internet. Ces cookies sont d\u00e9pos\u00e9s et utilis\u00e9s par un prestataire tiers charg\u00e9 d\u2019un service d\u2019analyse statistique. Vous pouvez choisir de refuser les cookies et l\u2019analyse statistique de vos donn\u00e9es de navigation en modifiant les param\u00e8tres de votre navigateur internet.\n\n<\/br><\/br>\nNous vous rappelons que les cookies ne permettent pas de vous identifier et que la dur\u00e9e de conservation des informations enregistr\u00e9es par les cookies dans votre ordinateur est de treize mois maximums.\n\n<\/br><\/br>\nCes cookies ne sont d\u00e9pos\u00e9s que si :\n\n<\/br><\/br><span style=\"color:#CD2E44;\">\u2022<\/span> vous les acceptez (en cliquant sur le bouton \u00ab j\u2019accepte \u00bb du bandeau vous informant de l\u2019utilisation de cookies) ou que vous poursuivez votre navigation sur le site Internet en visitant une toute autre page que la page visit\u00e9e lors de la premi\u00e8re connexion au site Internet ;\n\n<\/br><\/br><span style=\"color:#CD2E44;\">\u2022<\/span> vous avez poursuivi votre navigation, sans param\u00e9trer les traceurs, apr\u00e8s avoir cliqu\u00e9 sur le bouton \u00ab Politique de protection des donn\u00e9es personnelles et d\u2019utilisation des cookies \u00bb du bandeau informant de l\u2019utilisation de cookies.\n\n<\/br><\/br>\nCet accord sera valable pour une dur\u00e9e de treize mois \u00e0 compter du premier d\u00e9p\u00f4t sur votre terminal. Votre consentement sera de nouveau sollicit\u00e9 \u00e0 l\u2019issue de ce d\u00e9lai par l\u2019affichage du bandeau d\u2019information.\n\n<\/br><\/br>\nVous pouvez \u00e0 tout moment param\u00e9trer vos cookies pour les accepter ou les refuser en modifiant les param\u00e8tres de votre navigateur internet. \n<\/span>\t\t<\/div>\n\t\t\t\t<\/div>\n\t\t\t\t\t<\/div>\n\t\t<\/div>\n\t\t\t\t\t<\/div>\n\t\t<\/section>\n\t\t\t\t<\/div>\n\t\t","protected":false},"excerpt":{"rendered":"<p>Politique de confidentialit\u00e9 1. Donn\u00e9es personnelles Vos donn\u00e9es personnelles sont collect\u00e9es et trait\u00e9es par la soci\u00e9t\u00e9 Samaniego Luxury Resort, Soci\u00e9t\u00e9 de droit Espagnol, dont le si\u00e8ge social est situ\u00e9 01307 Samaniego (Alava), Calle Constitucion number 12, Espana, et dont le [&hellip;]<\/p>\n","protected":false},"author":3,"featured_media":0,"parent":0,"menu_order":0,"comment_status":"closed","ping_status":"open","template":"","meta":{"footnotes":""},"yoast_head":"<!-- This site is optimized with the Yoast SEO plugin v22.4 - https:\/\/yoast.com\/wordpress\/plugins\/seo\/ -->\n<title>Politique de Confidentialit\u00e9 | H\u00f4tel de Luxe Palacio de Samaniego<\/title>\n<meta name=\"description\" content=\"Consultez la politique de confidentialit\u00e9 du site du Palacio de Samaniego, H\u00f4tel 4* situ\u00e9 en Rioja Alavesa. Nous sommes en conformit\u00e9 avec la RGPD.\" \/>\n<meta name=\"robots\" content=\"index, follow, max-snippet:-1, max-image-preview:large, max-video-preview:-1\" \/>\n<link rel=\"canonical\" href=\"https:\/\/www.palaciodesamaniego.com\/fr\/politique-de-confidentialite\/\" \/>\n<meta property=\"og:locale\" content=\"fr_FR\" \/>\n<meta property=\"og:type\" content=\"article\" \/>\n<meta property=\"og:title\" content=\"Politique de Confidentialit\u00e9 | H\u00f4tel de Luxe Palacio de Samaniego\" \/>\n<meta property=\"og:description\" content=\"Consultez la politique de confidentialit\u00e9 du site du Palacio de Samaniego, H\u00f4tel 4* situ\u00e9 en Rioja Alavesa. Nous sommes en conformit\u00e9 avec la RGPD.\" \/>\n<meta property=\"og:url\" content=\"https:\/\/www.palaciodesamaniego.com\/fr\/politique-de-confidentialite\/\" \/>\n<meta property=\"og:site_name\" content=\"Accueil - Samaniego Palacio Edmond de Rothschild\" \/>\n<meta property=\"article:modified_time\" content=\"2021-05-07T09:40:16+00:00\" \/>\n<meta name=\"twitter:card\" content=\"summary_large_image\" \/>\n<meta name=\"twitter:label1\" content=\"Dur\u00e9e de lecture estim\u00e9e\" \/>\n\t<meta name=\"twitter:data1\" content=\"6 minutes\" \/>\n<script type=\"application\/ld+json\" class=\"yoast-schema-graph\">{\"@context\":\"https:\/\/schema.org\",\"@graph\":[{\"@type\":\"WebPage\",\"@id\":\"https:\/\/www.palaciodesamaniego.com\/fr\/politique-de-confidentialite\/\",\"url\":\"https:\/\/www.palaciodesamaniego.com\/fr\/politique-de-confidentialite\/\",\"name\":\"Politique de Confidentialit\u00e9 | H\u00f4tel de Luxe Palacio de Samaniego\",\"isPartOf\":{\"@id\":\"https:\/\/www.palaciodesamaniego.com\/fr\/#website\"},\"datePublished\":\"2020-11-04T12:01:49+00:00\",\"dateModified\":\"2021-05-07T09:40:16+00:00\",\"description\":\"Consultez la politique de confidentialit\u00e9 du site du Palacio de Samaniego, H\u00f4tel 4* situ\u00e9 en Rioja Alavesa. Nous sommes en conformit\u00e9 avec la RGPD.\",\"breadcrumb\":{\"@id\":\"https:\/\/www.palaciodesamaniego.com\/fr\/politique-de-confidentialite\/#breadcrumb\"},\"inLanguage\":\"fr-FR\",\"potentialAction\":[{\"@type\":\"ReadAction\",\"target\":[\"https:\/\/www.palaciodesamaniego.com\/fr\/politique-de-confidentialite\/\"]}]},{\"@type\":\"BreadcrumbList\",\"@id\":\"https:\/\/www.palaciodesamaniego.com\/fr\/politique-de-confidentialite\/#breadcrumb\",\"itemListElement\":[{\"@type\":\"ListItem\",\"position\":1,\"name\":\"Accueil\",\"item\":\"https:\/\/www.palaciodesamaniego.com\/fr\/\"},{\"@type\":\"ListItem\",\"position\":2,\"name\":\"Politique de confidentialit\u00e9\"}]},{\"@type\":\"WebSite\",\"@id\":\"https:\/\/www.palaciodesamaniego.com\/fr\/#website\",\"url\":\"https:\/\/www.palaciodesamaniego.com\/fr\/\",\"name\":\"Accueil - Samaniego Palacio Edmond de Rothschild\",\"description\":\"\",\"potentialAction\":[{\"@type\":\"SearchAction\",\"target\":{\"@type\":\"EntryPoint\",\"urlTemplate\":\"https:\/\/www.palaciodesamaniego.com\/fr\/?s={search_term_string}\"},\"query-input\":\"required name=search_term_string\"}],\"inLanguage\":\"fr-FR\"}]}<\/script>\n<!-- \/ Yoast SEO plugin. -->","yoast_head_json":{"title":"Politique de Confidentialit\u00e9 | H\u00f4tel de Luxe Palacio de Samaniego","description":"Consultez la politique de confidentialit\u00e9 du site du Palacio de Samaniego, H\u00f4tel 4* situ\u00e9 en Rioja Alavesa. Nous sommes en conformit\u00e9 avec la RGPD.","robots":{"index":"index","follow":"follow","max-snippet":"max-snippet:-1","max-image-preview":"max-image-preview:large","max-video-preview":"max-video-preview:-1"},"canonical":"https:\/\/www.palaciodesamaniego.com\/fr\/politique-de-confidentialite\/","og_locale":"fr_FR","og_type":"article","og_title":"Politique de Confidentialit\u00e9 | H\u00f4tel de Luxe Palacio de Samaniego","og_description":"Consultez la politique de confidentialit\u00e9 du site du Palacio de Samaniego, H\u00f4tel 4* situ\u00e9 en Rioja Alavesa. Nous sommes en conformit\u00e9 avec la RGPD.","og_url":"https:\/\/www.palaciodesamaniego.com\/fr\/politique-de-confidentialite\/","og_site_name":"Accueil - Samaniego Palacio Edmond de Rothschild","article_modified_time":"2021-05-07T09:40:16+00:00","twitter_card":"summary_large_image","twitter_misc":{"Dur\u00e9e de lecture estim\u00e9e":"6 minutes"},"schema":{"@context":"https:\/\/schema.org","@graph":[{"@type":"WebPage","@id":"https:\/\/www.palaciodesamaniego.com\/fr\/politique-de-confidentialite\/","url":"https:\/\/www.palaciodesamaniego.com\/fr\/politique-de-confidentialite\/","name":"Politique de Confidentialit\u00e9 | H\u00f4tel de Luxe Palacio de Samaniego","isPartOf":{"@id":"https:\/\/www.palaciodesamaniego.com\/fr\/#website"},"datePublished":"2020-11-04T12:01:49+00:00","dateModified":"2021-05-07T09:40:16+00:00","description":"Consultez la politique de confidentialit\u00e9 du site du Palacio de Samaniego, H\u00f4tel 4* situ\u00e9 en Rioja Alavesa. Nous sommes en conformit\u00e9 avec la RGPD.","breadcrumb":{"@id":"https:\/\/www.palaciodesamaniego.com\/fr\/politique-de-confidentialite\/#breadcrumb"},"inLanguage":"fr-FR","potentialAction":[{"@type":"ReadAction","target":["https:\/\/www.palaciodesamaniego.com\/fr\/politique-de-confidentialite\/"]}]},{"@type":"BreadcrumbList","@id":"https:\/\/www.palaciodesamaniego.com\/fr\/politique-de-confidentialite\/#breadcrumb","itemListElement":[{"@type":"ListItem","position":1,"name":"Accueil","item":"https:\/\/www.palaciodesamaniego.com\/fr\/"},{"@type":"ListItem","position":2,"name":"Politique de confidentialit\u00e9"}]},{"@type":"WebSite","@id":"https:\/\/www.palaciodesamaniego.com\/fr\/#website","url":"https:\/\/www.palaciodesamaniego.com\/fr\/","name":"Accueil - Samaniego Palacio Edmond de Rothschild","description":"","potentialAction":[{"@type":"SearchAction","target":{"@type":"EntryPoint","urlTemplate":"https:\/\/www.palaciodesamaniego.com\/fr\/?s={search_term_string}"},"query-input":"required name=search_term_string"}],"inLanguage":"fr-FR"}]}},"_links":{"self":[{"href":"https:\/\/www.palaciodesamaniego.com\/fr\/wp-json\/wp\/v2\/pages\/3140"}],"collection":[{"href":"https:\/\/www.palaciodesamaniego.com\/fr\/wp-json\/wp\/v2\/pages"}],"about":[{"href":"https:\/\/www.palaciodesamaniego.com\/fr\/wp-json\/wp\/v2\/types\/page"}],"author":[{"embeddable":true,"href":"https:\/\/www.palaciodesamaniego.com\/fr\/wp-json\/wp\/v2\/users\/3"}],"replies":[{"embeddable":true,"href":"https:\/\/www.palaciodesamaniego.com\/fr\/wp-json\/wp\/v2\/comments?post=3140"}],"version-history":[{"count":8,"href":"https:\/\/www.palaciodesamaniego.com\/fr\/wp-json\/wp\/v2\/pages\/3140\/revisions"}],"predecessor-version":[{"id":5619,"href":"https:\/\/www.palaciodesamaniego.com\/fr\/wp-json\/wp\/v2\/pages\/3140\/revisions\/5619"}],"wp:attachment":[{"href":"https:\/\/www.palaciodesamaniego.com\/fr\/wp-json\/wp\/v2\/media?parent=3140"}],"curies":[{"name":"wp","href":"https:\/\/api.w.org\/{rel}","templated":true}]}}